{"id":736,"date":"2021-05-19T12:53:39","date_gmt":"2021-05-19T12:53:39","guid":{"rendered":"http:\/\/advini-jeanjean-wp.projets-preprod.com\/?page_id=736"},"modified":"2025-05-19T11:23:28","modified_gmt":"2025-05-19T11:23:28","slug":"domaine-de-fenouillet","status":"publish","type":"page","link":"https:\/\/www.vignobles-jeanjean.com\/?page_id=736","title":{"rendered":"DOMAINE DE FENOUILLET"},"content":{"rendered":"\t\t<div data-elementor-type=\"wp-page\" data-elementor-id=\"736\" class=\"elementor elementor-736\" data-elementor-settings=\"[]\">\n\t\t\t\t\t\t\t<div class=\"elementor-section-wrap\">\n\t\t\t\t\t\t\t<section class=\"elementor-section elementor-top-section elementor-element elementor-element-2d135e8 elementor-section-full_width elementor-section-height-default elementor-section-height-default\" data-id=\"2d135e8\" data-element_type=\"section\">\n\t\t\t\t\t\t<div class=\"elementor-container elementor-column-gap-no\">\n\t\t\t\t\t<div class=\"elementor-column elementor-col-100 elementor-top-column elementor-element elementor-element-a11909d\" data-id=\"a11909d\" data-element_type=\"column\">\n\t\t\t<div class=\"elementor-widget-wrap elementor-element-populated\">\n\t\t\t\t\t\t\t\t<div class=\"elementor-element elementor-element-3fb55e4 elementor-widget elementor-widget-image\" data-id=\"3fb55e4\" data-element_type=\"widget\" data-widget_type=\"image.default\">\n\t\t\t\t<div class=\"elementor-widget-container\">\n\t\t\t\t\t\t\t\t\t\t\t\t\t\t\t<img loading=\"lazy\" decoding=\"async\" width=\"1536\" height=\"372\" src=\"https:\/\/www.vignobles-jeanjean.com\/wp-content\/uploads\/2023\/03\/header-FENOUILLET-FT-QUABLE-B-1536x372.png\" class=\"attachment-1536x1536 size-1536x1536\" alt=\"\" srcset=\"https:\/\/www.vignobles-jeanjean.com\/wp-content\/uploads\/2023\/03\/header-FENOUILLET-FT-QUABLE-B-1536x372.png 1536w, https:\/\/www.vignobles-jeanjean.com\/wp-content\/uploads\/2023\/03\/header-FENOUILLET-FT-QUABLE-B-300x73.png 300w, https:\/\/www.vignobles-jeanjean.com\/wp-content\/uploads\/2023\/03\/header-FENOUILLET-FT-QUABLE-B-1024x248.png 1024w, https:\/\/www.vignobles-jeanjean.com\/wp-content\/uploads\/2023\/03\/header-FENOUILLET-FT-QUABLE-B-768x186.png 768w, https:\/\/www.vignobles-jeanjean.com\/wp-content\/uploads\/2023\/03\/header-FENOUILLET-FT-QUABLE-B-2048x495.png 2048w\" sizes=\"auto, (max-width: 1536px) 100vw, 1536px\" \/>\t\t\t\t\t\t\t\t\t\t\t\t\t\t\t<\/div>\n\t\t\t\t<\/div>\n\t\t\t\t\t<\/div>\n\t\t<\/div>\n\t\t\t\t\t\t\t<\/div>\n\t\t<\/section>\n\t\t\t\t<section class=\"elementor-section elementor-top-section elementor-element elementor-element-87b54d4 elementor-section-boxed elementor-section-height-default elementor-section-height-default\" data-id=\"87b54d4\" data-element_type=\"section\">\n\t\t\t\t\t\t<div class=\"elementor-container elementor-column-gap-default\">\n\t\t\t\t\t<div class=\"elementor-column elementor-col-100 elementor-top-column elementor-element elementor-element-0577120\" data-id=\"0577120\" data-element_type=\"column\">\n\t\t\t<div class=\"elementor-widget-wrap elementor-element-populated\">\n\t\t\t\t\t\t\t\t<section class=\"elementor-section elementor-inner-section elementor-element elementor-element-e47278d elementor-section-boxed elementor-section-height-default elementor-section-height-default\" data-id=\"e47278d\" data-element_type=\"section\">\n\t\t\t\t\t\t<div class=\"elementor-container elementor-column-gap-default\">\n\t\t\t\t\t<div class=\"elementor-column elementor-col-50 elementor-inner-column elementor-element elementor-element-d8383cc\" data-id=\"d8383cc\" data-element_type=\"column\" id=\"domaine-contents\">\n\t\t\t<div class=\"elementor-widget-wrap elementor-element-populated\">\n\t\t\t\t\t\t\t\t<div class=\"elementor-element elementor-element-1865734 elementor-widget elementor-widget-heading\" data-id=\"1865734\" data-element_type=\"widget\" id=\"underline\" data-widget_type=\"heading.default\">\n\t\t\t\t<div class=\"elementor-widget-container\">\n\t\t\t<h4 class=\"elementor-heading-title elementor-size-default\">DOMAINE DE FENOUILLET<\/h4>\t\t<\/div>\n\t\t\t\t<\/div>\n\t\t\t\t<div class=\"elementor-element elementor-element-d96fcdd elementor-widget elementor-widget-text-editor\" data-id=\"d96fcdd\" data-element_type=\"widget\" data-widget_type=\"text-editor.default\">\n\t\t\t\t<div class=\"elementor-widget-container\">\n\t\t\t\t\t\t\t\t<p>L&#8217;ORFEVRE<\/p><p>Terrasse apr\u00e8s terrasse ou le long des courbes de niveau, cisel\u00e9es dans le schiste, les parcelles du Domaine de Fenouillet gravissent les plus belles pentes de l\u2019appellation Faug\u00e8res. Au sein d\u2019une nature encore intacte s\u2019\u00e9panouit la v\u00e9g\u00e9tation m\u00e9diterran\u00e9enne : ch\u00eanes verts, arbousiers, gen\u00eats, cistes\u2026 et le d\u00e9licat fenouil aux ar\u00f4mes anis\u00e9s d\u2019o\u00f9 le domaine tient son nom.<\/p>\t\t\t\t\t\t<\/div>\n\t\t\t\t<\/div>\n\t\t\t\t<div class=\"elementor-element elementor-element-e7b098d elementor-widget elementor-widget-text-editor\" data-id=\"e7b098d\" data-element_type=\"widget\" data-widget_type=\"text-editor.default\">\n\t\t\t\t<div class=\"elementor-widget-container\">\n\t\t\t\t\t\t\t\t<p>L&#8217;ELEGENCE DES SCHISTES D&#8217;ALTITUDE<\/p><p>\u00a0Adoss\u00e9es aux derniers contreforts du Massif Central, les vignes du Domaine de Fenouillet s\u2019\u00e9panouissent sur un relief de collines et de vall\u00e9es \u00e9troites. Cette topographie singuli\u00e8re cr\u00e9e des combes d\u2019altitude, petites terrasses \u00e0 mi-pente, o\u00f9 naissent les meilleurs vins de la propri\u00e9t\u00e9.<br \/>C\u2019est l\u00e0 le secret du Domaine de Fenouillet : assembler, tel un orf\u00e8vre, des parcelles uniques, diff\u00e9rentes, afin de produire des vins \u00e9l\u00e9gants et raffin\u00e9s.<\/p>\t\t\t\t\t\t<\/div>\n\t\t\t\t<\/div>\n\t\t\t\t<div class=\"elementor-element elementor-element-53e8ae3 elementor-align-center elementor-widget elementor-widget-button\" data-id=\"53e8ae3\" data-element_type=\"widget\" data-widget_type=\"button.default\">\n\t\t\t\t<div class=\"elementor-widget-container\">\n\t\t\t\t\t<div class=\"elementor-button-wrapper\">\n\t\t\t<a href=\"https:\/\/boutique.vignobles-jeanjean.com\/les-domaines-des-vignobles-jeanjean\/domaine-de-fenouillet.html\" class=\"elementor-button-link elementor-button elementor-size-lg\" role=\"button\">\n\t\t\t\t\t\t<span class=\"elementor-button-content-wrapper\">\n\t\t\t\t\t\t<span class=\"elementor-button-icon elementor-align-icon-left\">\n\t\t\t\t<i aria-hidden=\"true\" class=\"fas fa-shopping-cart\"><\/i>\t\t\t<\/span>\n\t\t\t\t\t\t<span class=\"elementor-button-text\">Acheter en ligne<\/span>\n\t\t<\/span>\n\t\t\t\t\t<\/a>\n\t\t<\/div>\n\t\t\t\t<\/div>\n\t\t\t\t<\/div>\n\t\t\t\t\t<\/div>\n\t\t<\/div>\n\t\t\t\t<div class=\"elementor-column elementor-col-50 elementor-inner-column elementor-element elementor-element-b6463f7\" data-id=\"b6463f7\" data-element_type=\"column\">\n\t\t\t<div class=\"elementor-widget-wrap elementor-element-populated\">\n\t\t\t\t\t\t\t\t<div class=\"elementor-element elementor-element-9d6c23f elementor-widget elementor-widget-text-editor\" data-id=\"9d6c23f\" data-element_type=\"widget\" data-widget_type=\"text-editor.default\">\n\t\t\t\t<div class=\"elementor-widget-container\">\n\t\t\t\t\t\t\t\t<h5>SURFACE<\/h5><p>11 hectares<\/p>\t\t\t\t\t\t<\/div>\n\t\t\t\t<\/div>\n\t\t\t\t<div class=\"elementor-element elementor-element-9730037 elementor-widget elementor-widget-text-editor\" data-id=\"9730037\" data-element_type=\"widget\" data-widget_type=\"text-editor.default\">\n\t\t\t\t<div class=\"elementor-widget-container\">\n\t\t\t\t\t\t\t\t<h5>ALTITUDE<\/h5><p>100 \u00e0 150 m d&#8217;altitude<\/p>\t\t\t\t\t\t<\/div>\n\t\t\t\t<\/div>\n\t\t\t\t<div class=\"elementor-element elementor-element-b98b436 elementor-widget elementor-widget-text-editor\" data-id=\"b98b436\" data-element_type=\"widget\" data-widget_type=\"text-editor.default\">\n\t\t\t\t<div class=\"elementor-widget-container\">\n\t\t\t\t\t\t\t\t<h5>SOL<\/h5><p>Schistes<\/p>\t\t\t\t\t\t<\/div>\n\t\t\t\t<\/div>\n\t\t\t\t<div class=\"elementor-element elementor-element-717408b elementor-widget elementor-widget-text-editor\" data-id=\"717408b\" data-element_type=\"widget\" data-widget_type=\"text-editor.default\">\n\t\t\t\t<div class=\"elementor-widget-container\">\n\t\t\t\t\t\t\t\t<h5>TYPICITE<\/h5><p>R\u00e9gliss\u00e9, min\u00e9ral, soyeux<\/p>\t\t\t\t\t\t<\/div>\n\t\t\t\t<\/div>\n\t\t\t\t<div class=\"elementor-element elementor-element-78c4396 elementor-widget elementor-widget-text-editor\" data-id=\"78c4396\" data-element_type=\"widget\" data-widget_type=\"text-editor.default\">\n\t\t\t\t<div class=\"elementor-widget-container\">\n\t\t\t\t\t\t\t\t<h5>CEPAGES<\/h5><p>Blancs : Roussanne, Marsanne<\/p><p>Rouges : Syrah, Grenache noir, Carignan, Cinsault, Mourv\u00e8dre<\/p>\t\t\t\t\t\t<\/div>\n\t\t\t\t<\/div>\n\t\t\t\t<div class=\"elementor-element elementor-element-6a79cd7 elementor-widget elementor-widget-text-editor\" data-id=\"6a79cd7\" data-element_type=\"widget\" data-widget_type=\"text-editor.default\">\n\t\t\t\t<div class=\"elementor-widget-container\">\n\t\t\t\t\t\t\t\t<h5>APPELLATION<\/h5><p>AOP Faug\u00e8res<\/p>\t\t\t\t\t\t<\/div>\n\t\t\t\t<\/div>\n\t\t\t\t<div class=\"elementor-element elementor-element-c09857b elementor-widget elementor-widget-text-editor\" data-id=\"c09857b\" data-element_type=\"widget\" data-widget_type=\"text-editor.default\">\n\t\t\t\t<div class=\"elementor-widget-container\">\n\t\t\t\t\t\t\t\t<h5>CERTIFICATIONS<\/h5>\t\t\t\t\t\t<\/div>\n\t\t\t\t<\/div>\n\t\t\t\t<div class=\"elementor-element elementor-element-001cbc5 elementor-widget elementor-widget-image\" data-id=\"001cbc5\" data-element_type=\"widget\" id=\"s-image\" data-widget_type=\"image.default\">\n\t\t\t\t<div class=\"elementor-widget-container\">\n\t\t\t\t\t\t\t\t\t\t\t\t\t\t\t<img loading=\"lazy\" decoding=\"async\" width=\"500\" height=\"333\" src=\"https:\/\/www.vignobles-jeanjean.com\/wp-content\/uploads\/2021\/05\/EU_Organic_Logo_Colour_rgb.jpg\" class=\"attachment-full size-full\" alt=\"bio\" srcset=\"https:\/\/www.vignobles-jeanjean.com\/wp-content\/uploads\/2021\/05\/EU_Organic_Logo_Colour_rgb.jpg 500w, https:\/\/www.vignobles-jeanjean.com\/wp-content\/uploads\/2021\/05\/EU_Organic_Logo_Colour_rgb-300x200.jpg 300w\" sizes=\"auto, (max-width: 500px) 100vw, 500px\" \/>\t\t\t\t\t\t\t\t\t\t\t\t\t\t\t<\/div>\n\t\t\t\t<\/div>\n\t\t\t\t<div class=\"elementor-element elementor-element-7bfbe99 elementor-widget elementor-widget-image\" data-id=\"7bfbe99\" data-element_type=\"widget\" data-widget_type=\"image.default\">\n\t\t\t\t<div class=\"elementor-widget-container\">\n\t\t\t\t\t\t\t\t\t\t\t\t\t\t\t<img loading=\"lazy\" decoding=\"async\" width=\"100\" height=\"100\" src=\"https:\/\/www.vignobles-jeanjean.com\/wp-content\/uploads\/2025\/05\/ART-MAI-PIVE-9.png\" class=\"attachment-large size-large\" alt=\"\" \/>\t\t\t\t\t\t\t\t\t\t\t\t\t\t\t<\/div>\n\t\t\t\t<\/div>\n\t\t\t\t\t<\/div>\n\t\t<\/div>\n\t\t\t\t\t\t\t<\/div>\n\t\t<\/section>\n\t\t\t\t\t<\/div>\n\t\t<\/div>\n\t\t\t\t\t\t\t<\/div>\n\t\t<\/section>\n\t\t\t\t<section class=\"elementor-section elementor-top-section elementor-element elementor-element-ba84be6 elementor-section-boxed elementor-section-height-default elementor-section-height-default\" data-id=\"ba84be6\" data-element_type=\"section\" id=\"wins\">\n\t\t\t\t\t\t<div class=\"elementor-container elementor-column-gap-default\">\n\t\t\t\t\t<div class=\"elementor-column elementor-col-100 elementor-top-column elementor-element elementor-element-17ec7cc\" data-id=\"17ec7cc\" data-element_type=\"column\" id=\"single-win\">\n\t\t\t<div class=\"elementor-widget-wrap elementor-element-populated\">\n\t\t\t\t\t\t\t\t<div class=\"elementor-element elementor-element-580f183 elementor-grid-4 elementor-posts--align-center elementor-grid-tablet-2 elementor-grid-mobile-1 elementor-posts--thumbnail-top elementor-widget elementor-widget-posts\" data-id=\"580f183\" data-element_type=\"widget\" data-settings=\"{&quot;classic_columns&quot;:&quot;4&quot;,&quot;classic_columns_tablet&quot;:&quot;2&quot;,&quot;classic_columns_mobile&quot;:&quot;1&quot;,&quot;classic_row_gap&quot;:{&quot;unit&quot;:&quot;px&quot;,&quot;size&quot;:35,&quot;sizes&quot;:[]}}\" data-widget_type=\"posts.classic\">\n\t\t\t\t<div class=\"elementor-widget-container\">\n\t\t\t\t\t<div class=\"elementor-posts-container elementor-posts elementor-posts--skin-classic elementor-grid\">\n\t\t\t\t<article class=\"elementor-post elementor-grid-item post-734 win type-win status-publish has-post-thumbnail hentry category-fenouillet\">\n\t\t\t\t<a class=\"elementor-post__thumbnail__link\" href=\"https:\/\/www.vignobles-jeanjean.com\/?win=pere-la-minute\" >\n\t\t\t<div class=\"elementor-post__thumbnail\"><img loading=\"lazy\" decoding=\"async\" width=\"765\" height=\"2560\" src=\"https:\/\/www.vignobles-jeanjean.com\/wp-content\/uploads\/2021\/05\/VJJ_Domaine-de-Fenouillet_Pere-la-Minute_NM-scaled.jpg\" class=\"attachment-full size-full\" alt=\"\" srcset=\"https:\/\/www.vignobles-jeanjean.com\/wp-content\/uploads\/2021\/05\/VJJ_Domaine-de-Fenouillet_Pere-la-Minute_NM-scaled.jpg 765w, https:\/\/www.vignobles-jeanjean.com\/wp-content\/uploads\/2021\/05\/VJJ_Domaine-de-Fenouillet_Pere-la-Minute_NM-90x300.jpg 90w, https:\/\/www.vignobles-jeanjean.com\/wp-content\/uploads\/2021\/05\/VJJ_Domaine-de-Fenouillet_Pere-la-Minute_NM-306x1024.jpg 306w, https:\/\/www.vignobles-jeanjean.com\/wp-content\/uploads\/2021\/05\/VJJ_Domaine-de-Fenouillet_Pere-la-Minute_NM-768x2569.jpg 768w, https:\/\/www.vignobles-jeanjean.com\/wp-content\/uploads\/2021\/05\/VJJ_Domaine-de-Fenouillet_Pere-la-Minute_NM-459x1536.jpg 459w, https:\/\/www.vignobles-jeanjean.com\/wp-content\/uploads\/2021\/05\/VJJ_Domaine-de-Fenouillet_Pere-la-Minute_NM-612x2048.jpg 612w\" sizes=\"auto, (max-width: 765px) 100vw, 765px\" \/><\/div>\n\t\t<\/a>\n\t\t\t\t<div class=\"elementor-post__text\">\n\t\t\t\t<h3 class=\"elementor-post__title\">\n\t\t\t<a href=\"https:\/\/www.vignobles-jeanjean.com\/?win=pere-la-minute\" >\n\t\t\t\tPERE LA MINUTE\t\t\t<\/a>\n\t\t<\/h3>\n\t\t\t\t<\/div>\n\t\t\t\t<\/article>\n\t\t\t\t<article class=\"elementor-post elementor-grid-item post-756 win type-win status-publish has-post-thumbnail hentry category-fenouillet\">\n\t\t\t\t<a class=\"elementor-post__thumbnail__link\" href=\"https:\/\/www.vignobles-jeanjean.com\/?win=fenouillet\" >\n\t\t\t<div class=\"elementor-post__thumbnail\"><img loading=\"lazy\" decoding=\"async\" width=\"765\" height=\"2560\" src=\"https:\/\/www.vignobles-jeanjean.com\/wp-content\/uploads\/2021\/05\/domaine_fenouillet_2018_rg-scaled.jpg\" class=\"attachment-full size-full\" alt=\"\" srcset=\"https:\/\/www.vignobles-jeanjean.com\/wp-content\/uploads\/2021\/05\/domaine_fenouillet_2018_rg-scaled.jpg 765w, https:\/\/www.vignobles-jeanjean.com\/wp-content\/uploads\/2021\/05\/domaine_fenouillet_2018_rg-90x300.jpg 90w, https:\/\/www.vignobles-jeanjean.com\/wp-content\/uploads\/2021\/05\/domaine_fenouillet_2018_rg-306x1024.jpg 306w, https:\/\/www.vignobles-jeanjean.com\/wp-content\/uploads\/2021\/05\/domaine_fenouillet_2018_rg-768x2569.jpg 768w, https:\/\/www.vignobles-jeanjean.com\/wp-content\/uploads\/2021\/05\/domaine_fenouillet_2018_rg-459x1536.jpg 459w, https:\/\/www.vignobles-jeanjean.com\/wp-content\/uploads\/2021\/05\/domaine_fenouillet_2018_rg-612x2048.jpg 612w\" sizes=\"auto, (max-width: 765px) 100vw, 765px\" \/><\/div>\n\t\t<\/a>\n\t\t\t\t<div class=\"elementor-post__text\">\n\t\t\t\t<h3 class=\"elementor-post__title\">\n\t\t\t<a href=\"https:\/\/www.vignobles-jeanjean.com\/?win=fenouillet\" >\n\t\t\t\tFenouillet\t\t\t<\/a>\n\t\t<\/h3>\n\t\t\t\t<\/div>\n\t\t\t\t<\/article>\n\t\t\t\t<article class=\"elementor-post elementor-grid-item post-3047 win type-win status-publish has-post-thumbnail hentry category-fenouillet\">\n\t\t\t\t<a class=\"elementor-post__thumbnail__link\" href=\"https:\/\/www.vignobles-jeanjean.com\/?win=mosaique\" >\n\t\t\t<div class=\"elementor-post__thumbnail\"><img loading=\"lazy\" decoding=\"async\" width=\"765\" height=\"2560\" src=\"https:\/\/www.vignobles-jeanjean.com\/wp-content\/uploads\/2023\/03\/fenouillet_mosaique_NM_rouge-scaled.jpg\" class=\"attachment-full size-full\" alt=\"Mosa\u00efque BIO, HVE, sans soufre ajout\u00e9 - Vin AOP Faug\u00e8res - Domaine de Fenouillet\" srcset=\"https:\/\/www.vignobles-jeanjean.com\/wp-content\/uploads\/2023\/03\/fenouillet_mosaique_NM_rouge-scaled.jpg 765w, https:\/\/www.vignobles-jeanjean.com\/wp-content\/uploads\/2023\/03\/fenouillet_mosaique_NM_rouge-90x300.jpg 90w, https:\/\/www.vignobles-jeanjean.com\/wp-content\/uploads\/2023\/03\/fenouillet_mosaique_NM_rouge-306x1024.jpg 306w, https:\/\/www.vignobles-jeanjean.com\/wp-content\/uploads\/2023\/03\/fenouillet_mosaique_NM_rouge-768x2569.jpg 768w, https:\/\/www.vignobles-jeanjean.com\/wp-content\/uploads\/2023\/03\/fenouillet_mosaique_NM_rouge-459x1536.jpg 459w, https:\/\/www.vignobles-jeanjean.com\/wp-content\/uploads\/2023\/03\/fenouillet_mosaique_NM_rouge-612x2048.jpg 612w\" sizes=\"auto, (max-width: 765px) 100vw, 765px\" \/><\/div>\n\t\t<\/a>\n\t\t\t\t<div class=\"elementor-post__text\">\n\t\t\t\t<h3 class=\"elementor-post__title\">\n\t\t\t<a href=\"https:\/\/www.vignobles-jeanjean.com\/?win=mosaique\" >\n\t\t\t\tMOSA\u00cfQUE &#8211; BIO, HVE, SANS SOUFRE\u200b\t\t\t<\/a>\n\t\t<\/h3>\n\t\t\t\t<\/div>\n\t\t\t\t<\/article>\n\t\t\t\t<article class=\"elementor-post elementor-grid-item post-752 win type-win status-publish has-post-thumbnail hentry category-fenouillet\">\n\t\t\t\t<a class=\"elementor-post__thumbnail__link\" href=\"https:\/\/www.vignobles-jeanjean.com\/?win=hautes-combes-vin-blanc\" >\n\t\t\t<div class=\"elementor-post__thumbnail\"><img loading=\"lazy\" decoding=\"async\" width=\"2200\" height=\"7360\" src=\"https:\/\/www.vignobles-jeanjean.com\/wp-content\/uploads\/2021\/05\/fenouillet_nm_hautes_combes.png\" class=\"attachment-full size-full\" alt=\"\" srcset=\"https:\/\/www.vignobles-jeanjean.com\/wp-content\/uploads\/2021\/05\/fenouillet_nm_hautes_combes.png 2200w, https:\/\/www.vignobles-jeanjean.com\/wp-content\/uploads\/2021\/05\/fenouillet_nm_hautes_combes-90x300.png 90w, https:\/\/www.vignobles-jeanjean.com\/wp-content\/uploads\/2021\/05\/fenouillet_nm_hautes_combes-306x1024.png 306w, https:\/\/www.vignobles-jeanjean.com\/wp-content\/uploads\/2021\/05\/fenouillet_nm_hautes_combes-768x2569.png 768w, https:\/\/www.vignobles-jeanjean.com\/wp-content\/uploads\/2021\/05\/fenouillet_nm_hautes_combes-459x1536.png 459w, https:\/\/www.vignobles-jeanjean.com\/wp-content\/uploads\/2021\/05\/fenouillet_nm_hautes_combes-612x2048.png 612w\" sizes=\"auto, (max-width: 2200px) 100vw, 2200px\" \/><\/div>\n\t\t<\/a>\n\t\t\t\t<div class=\"elementor-post__text\">\n\t\t\t\t<h3 class=\"elementor-post__title\">\n\t\t\t<a href=\"https:\/\/www.vignobles-jeanjean.com\/?win=hautes-combes-vin-blanc\" >\n\t\t\t\tHAUTES COMBES\t\t\t<\/a>\n\t\t<\/h3>\n\t\t\t\t<\/div>\n\t\t\t\t<\/article>\n\t\t\t\t<\/div>\n\t\t\t\t<\/div>\n\t\t\t\t<\/div>\n\t\t\t\t\t<\/div>\n\t\t<\/div>\n\t\t\t\t\t\t\t<\/div>\n\t\t<\/section>\n\t\t\t\t<section class=\"elementor-section elementor-top-section elementor-element elementor-element-07fa5b7 elementor-section-boxed elementor-section-height-default elementor-section-height-default\" data-id=\"07fa5b7\" data-element_type=\"section\">\n\t\t\t\t\t\t<div class=\"elementor-container elementor-column-gap-default\">\n\t\t\t\t\t<div class=\"elementor-column elementor-col-100 elementor-top-column elementor-element elementor-element-5078d61\" data-id=\"5078d61\" data-element_type=\"column\">\n\t\t\t<div class=\"elementor-widget-wrap elementor-element-populated\">\n\t\t\t\t\t\t\t\t<div class=\"elementor-element elementor-element-68c3aac elementor-skin-carousel elementor-arrows-yes elementor-pagination-type-bullets elementor-pagination-position-outside elementor-widget elementor-widget-media-carousel\" data-id=\"68c3aac\" data-element_type=\"widget\" data-settings=\"{&quot;skin&quot;:&quot;carousel&quot;,&quot;effect&quot;:&quot;slide&quot;,&quot;show_arrows&quot;:&quot;yes&quot;,&quot;pagination&quot;:&quot;bullets&quot;,&quot;speed&quot;:500,&quot;autoplay&quot;:&quot;yes&quot;,&quot;autoplay_speed&quot;:5000,&quot;loop&quot;:&quot;yes&quot;,&quot;pause_on_hover&quot;:&quot;yes&quot;,&quot;pause_on_interaction&quot;:&quot;yes&quot;,&quot;space_between&quot;:{&quot;unit&quot;:&quot;px&quot;,&quot;size&quot;:10,&quot;sizes&quot;:[]},&quot;space_between_tablet&quot;:{&quot;unit&quot;:&quot;px&quot;,&quot;size&quot;:10,&quot;sizes&quot;:[]},&quot;space_between_mobile&quot;:{&quot;unit&quot;:&quot;px&quot;,&quot;size&quot;:10,&quot;sizes&quot;:[]}}\" data-widget_type=\"media-carousel.default\">\n\t\t\t\t<div class=\"elementor-widget-container\">\n\t\t\t\t\t<div class=\"elementor-swiper\">\n\t\t\t<div class=\"elementor-main-swiper swiper-container\">\n\t\t\t\t<div class=\"swiper-wrapper\">\n\t\t\t\t\t\t\t\t\t\t\t<div class=\"swiper-slide\">\n\t\t\t\t\t\t\t\t\t<div class=\"elementor-carousel-image\" style=\"background-image: url(https:\/\/www.vignobles-jeanjean.com\/wp-content\/uploads\/2021\/07\/Sequence-05.00_00_13_16.Still007-scaled.jpg)\">\n\t\t\t\t\t<\/div>\n\t\t\t\t\t\t\t\t<\/div>\n\t\t\t\t\t\t\t\t\t\t\t<div class=\"swiper-slide\">\n\t\t\t\t\t\t\t\t\t<div class=\"elementor-carousel-image\" style=\"background-image: url(https:\/\/www.vignobles-jeanjean.com\/wp-content\/uploads\/2021\/07\/Fenouillet-10-Grand.jpg)\">\n\t\t\t\t\t<\/div>\n\t\t\t\t\t\t\t\t<\/div>\n\t\t\t\t\t\t\t\t\t\t\t<div class=\"swiper-slide\">\n\t\t\t\t\t\t\t\t\t<div class=\"elementor-carousel-image\" style=\"background-image: url(https:\/\/www.vignobles-jeanjean.com\/wp-content\/uploads\/2021\/07\/domaine-de-Fenouillet-4.jpg)\">\n\t\t\t\t\t<\/div>\n\t\t\t\t\t\t\t\t<\/div>\n\t\t\t\t\t\t\t\t\t\t\t<div class=\"swiper-slide\">\n\t\t\t\t\t\t\t\t\t<div class=\"elementor-carousel-image\" style=\"background-image: url(https:\/\/www.vignobles-jeanjean.com\/wp-content\/uploads\/2021\/07\/83682-J-scaled.jpg)\">\n\t\t\t\t\t<\/div>\n\t\t\t\t\t\t\t\t<\/div>\n\t\t\t\t\t\t\t\t\t<\/div>\n\t\t\t\t\t\t\t\t\t\t\t\t\t\t\t<div class=\"swiper-pagination\"><\/div>\n\t\t\t\t\t\t\t\t\t\t\t\t\t\t\t\t<div class=\"elementor-swiper-button elementor-swiper-button-prev\">\n\t\t\t\t\t\t\t<i class=\"eicon-chevron-left\" aria-hidden=\"true\"><\/i>\n\t\t\t\t\t\t\t<span class=\"elementor-screen-only\">Pr\u00e9c\u00e9dent<\/span>\n\t\t\t\t\t\t<\/div>\n\t\t\t\t\t\t<div class=\"elementor-swiper-button elementor-swiper-button-next\">\n\t\t\t\t\t\t\t<i class=\"eicon-chevron-right\" aria-hidden=\"true\"><\/i>\n\t\t\t\t\t\t\t<span class=\"elementor-screen-only\">Suivant<\/span>\n\t\t\t\t\t\t<\/div>\n\t\t\t\t\t\t\t\t\t\t\t\t<\/div>\n\t\t<\/div>\n\t\t\t\t<\/div>\n\t\t\t\t<\/div>\n\t\t\t\t\t<\/div>\n\t\t<\/div>\n\t\t\t\t\t\t\t<\/div>\n\t\t<\/section>\n\t\t\t\t\t\t<\/div>\n\t\t\t\t\t<\/div>\n\t\t","protected":false},"excerpt":{"rendered":"<p>DOMAINE DE FENOUILLET L&#8217;ORFEVRE Terrasse apr\u00e8s terrasse ou le long des courbes de niveau, cisel\u00e9es dans le schiste, les parcelles du Domaine de Fenouillet gravissent<\/p>\n","protected":false},"author":1,"featured_media":0,"parent":0,"menu_order":0,"comment_status":"closed","ping_status":"closed","template":"","meta":{"footnotes":""},"class_list":["post-736","page","type-page","status-publish","hentry"],"yoast_head":"<!-- This site is optimized with the Yoast SEO plugin v20.4 - https:\/\/yoast.com\/wordpress\/plugins\/seo\/ -->\n<title>DOMAINE DE FENOUILLET - Vignobles Jeanjean<\/title>\n<meta name=\"description\" content=\"Adoss\u00e9es aux derniers contreforts du Massif Central, les vignes du Domaine de Fenouillet s\u2019\u00e9panouissent sur un relief de collines et de vall\u00e9es \u00e9troites. Cette topographie singuli\u00e8re cr\u00e9e des combes d\u2019altitude, petites terrasses \u00e0 mi-pente, o\u00f9 naissent les meilleurs vins de la propri\u00e9t\u00e9.\" \/>\n<meta name=\"robots\" content=\"index, follow, max-snippet:-1, max-image-preview:large, max-video-preview:-1\" \/>\n<link rel=\"canonical\" href=\"https:\/\/www.vignobles-jeanjean.com\/?page_id=736\" \/>\n<meta property=\"og:locale\" content=\"fr_FR\" \/>\n<meta property=\"og:type\" content=\"article\" \/>\n<meta property=\"og:title\" content=\"DOMAINE DE FENOUILLET - Vignobles Jeanjean\" \/>\n<meta property=\"og:description\" content=\"Adoss\u00e9es aux derniers contreforts du Massif Central, les vignes du Domaine de Fenouillet s\u2019\u00e9panouissent sur un relief de collines et de vall\u00e9es \u00e9troites. Cette topographie singuli\u00e8re cr\u00e9e des combes d\u2019altitude, petites terrasses \u00e0 mi-pente, o\u00f9 naissent les meilleurs vins de la propri\u00e9t\u00e9.\" \/>\n<meta property=\"og:url\" content=\"https:\/\/www.vignobles-jeanjean.com\/?page_id=736\" \/>\n<meta property=\"og:site_name\" content=\"Vignobles Jeanjean\" \/>\n<meta property=\"article:modified_time\" content=\"2025-05-19T11:23:28+00:00\" \/>\n<meta property=\"og:image\" content=\"https:\/\/www.vignobles-jeanjean.com\/wp-content\/uploads\/2023\/03\/header-FENOUILLET-FT-QUABLE-B-1536x372.png\" \/>\n<meta name=\"twitter:card\" content=\"summary_large_image\" \/>\n<meta name=\"twitter:label1\" content=\"Dur\u00e9e de lecture estim\u00e9e\" \/>\n\t<meta name=\"twitter:data1\" content=\"3 minutes\" \/>\n<script type=\"application\/ld+json\" class=\"yoast-schema-graph\">{\"@context\":\"https:\/\/schema.org\",\"@graph\":[{\"@type\":\"WebPage\",\"@id\":\"https:\/\/www.vignobles-jeanjean.com\/?page_id=736\",\"url\":\"https:\/\/www.vignobles-jeanjean.com\/?page_id=736\",\"name\":\"DOMAINE DE FENOUILLET - Vignobles Jeanjean\",\"isPartOf\":{\"@id\":\"https:\/\/www.vignobles-jeanjean.com\/#website\"},\"datePublished\":\"2021-05-19T12:53:39+00:00\",\"dateModified\":\"2025-05-19T11:23:28+00:00\",\"description\":\"Adoss\u00e9es aux derniers contreforts du Massif Central, les vignes du Domaine de Fenouillet s\u2019\u00e9panouissent sur un relief de collines et de vall\u00e9es \u00e9troites. Cette topographie singuli\u00e8re cr\u00e9e des combes d\u2019altitude, petites terrasses \u00e0 mi-pente, o\u00f9 naissent les meilleurs vins de la propri\u00e9t\u00e9.\",\"breadcrumb\":{\"@id\":\"https:\/\/www.vignobles-jeanjean.com\/?page_id=736#breadcrumb\"},\"inLanguage\":\"fr-FR\",\"potentialAction\":[{\"@type\":\"ReadAction\",\"target\":[\"https:\/\/www.vignobles-jeanjean.com\/?page_id=736\"]}]},{\"@type\":\"BreadcrumbList\",\"@id\":\"https:\/\/www.vignobles-jeanjean.com\/?page_id=736#breadcrumb\",\"itemListElement\":[{\"@type\":\"ListItem\",\"position\":1,\"name\":\"Home\",\"item\":\"https:\/\/www.vignobles-jeanjean.com\/\"},{\"@type\":\"ListItem\",\"position\":2,\"name\":\"DOMAINE DE FENOUILLET\"}]},{\"@type\":\"WebSite\",\"@id\":\"https:\/\/www.vignobles-jeanjean.com\/#website\",\"url\":\"https:\/\/www.vignobles-jeanjean.com\/\",\"name\":\"Vignobles Jeanjean\",\"description\":\"\",\"publisher\":{\"@id\":\"https:\/\/www.vignobles-jeanjean.com\/#organization\"},\"potentialAction\":[{\"@type\":\"SearchAction\",\"target\":{\"@type\":\"EntryPoint\",\"urlTemplate\":\"https:\/\/www.vignobles-jeanjean.com\/?s={search_term_string}\"},\"query-input\":\"required name=search_term_string\"}],\"inLanguage\":\"fr-FR\"},{\"@type\":\"Organization\",\"@id\":\"https:\/\/www.vignobles-jeanjean.com\/#organization\",\"name\":\"Vignobles Jeanjean\",\"url\":\"https:\/\/www.vignobles-jeanjean.com\/\",\"logo\":{\"@type\":\"ImageObject\",\"inLanguage\":\"fr-FR\",\"@id\":\"https:\/\/www.vignobles-jeanjean.com\/#\/schema\/logo\/image\/\",\"url\":\"https:\/\/www.vignobles-jeanjean.com\/wp-content\/uploads\/2021\/07\/VJJ.png\",\"contentUrl\":\"https:\/\/www.vignobles-jeanjean.com\/wp-content\/uploads\/2021\/07\/VJJ.png\",\"width\":683,\"height\":255,\"caption\":\"Vignobles Jeanjean\"},\"image\":{\"@id\":\"https:\/\/www.vignobles-jeanjean.com\/#\/schema\/logo\/image\/\"}}]}<\/script>\n<!-- \/ Yoast SEO plugin. -->","yoast_head_json":{"title":"DOMAINE DE FENOUILLET - Vignobles Jeanjean","description":"Adoss\u00e9es aux derniers contreforts du Massif Central, les vignes du Domaine de Fenouillet s\u2019\u00e9panouissent sur un relief de collines et de vall\u00e9es \u00e9troites. Cette topographie singuli\u00e8re cr\u00e9e des combes d\u2019altitude, petites terrasses \u00e0 mi-pente, o\u00f9 naissent les meilleurs vins de la propri\u00e9t\u00e9.","robots":{"index":"index","follow":"follow","max-snippet":"max-snippet:-1","max-image-preview":"max-image-preview:large","max-video-preview":"max-video-preview:-1"},"canonical":"https:\/\/www.vignobles-jeanjean.com\/?page_id=736","og_locale":"fr_FR","og_type":"article","og_title":"DOMAINE DE FENOUILLET - Vignobles Jeanjean","og_description":"Adoss\u00e9es aux derniers contreforts du Massif Central, les vignes du Domaine de Fenouillet s\u2019\u00e9panouissent sur un relief de collines et de vall\u00e9es \u00e9troites. Cette topographie singuli\u00e8re cr\u00e9e des combes d\u2019altitude, petites terrasses \u00e0 mi-pente, o\u00f9 naissent les meilleurs vins de la propri\u00e9t\u00e9.","og_url":"https:\/\/www.vignobles-jeanjean.com\/?page_id=736","og_site_name":"Vignobles Jeanjean","article_modified_time":"2025-05-19T11:23:28+00:00","og_image":[{"url":"https:\/\/www.vignobles-jeanjean.com\/wp-content\/uploads\/2023\/03\/header-FENOUILLET-FT-QUABLE-B-1536x372.png"}],"twitter_card":"summary_large_image","twitter_misc":{"Dur\u00e9e de lecture estim\u00e9e":"3 minutes"},"schema":{"@context":"https:\/\/schema.org","@graph":[{"@type":"WebPage","@id":"https:\/\/www.vignobles-jeanjean.com\/?page_id=736","url":"https:\/\/www.vignobles-jeanjean.com\/?page_id=736","name":"DOMAINE DE FENOUILLET - Vignobles Jeanjean","isPartOf":{"@id":"https:\/\/www.vignobles-jeanjean.com\/#website"},"datePublished":"2021-05-19T12:53:39+00:00","dateModified":"2025-05-19T11:23:28+00:00","description":"Adoss\u00e9es aux derniers contreforts du Massif Central, les vignes du Domaine de Fenouillet s\u2019\u00e9panouissent sur un relief de collines et de vall\u00e9es \u00e9troites. Cette topographie singuli\u00e8re cr\u00e9e des combes d\u2019altitude, petites terrasses \u00e0 mi-pente, o\u00f9 naissent les meilleurs vins de la propri\u00e9t\u00e9.","breadcrumb":{"@id":"https:\/\/www.vignobles-jeanjean.com\/?page_id=736#breadcrumb"},"inLanguage":"fr-FR","potentialAction":[{"@type":"ReadAction","target":["https:\/\/www.vignobles-jeanjean.com\/?page_id=736"]}]},{"@type":"BreadcrumbList","@id":"https:\/\/www.vignobles-jeanjean.com\/?page_id=736#breadcrumb","itemListElement":[{"@type":"ListItem","position":1,"name":"Home","item":"https:\/\/www.vignobles-jeanjean.com\/"},{"@type":"ListItem","position":2,"name":"DOMAINE DE FENOUILLET"}]},{"@type":"WebSite","@id":"https:\/\/www.vignobles-jeanjean.com\/#website","url":"https:\/\/www.vignobles-jeanjean.com\/","name":"Vignobles Jeanjean","description":"","publisher":{"@id":"https:\/\/www.vignobles-jeanjean.com\/#organization"},"potentialAction":[{"@type":"SearchAction","target":{"@type":"EntryPoint","urlTemplate":"https:\/\/www.vignobles-jeanjean.com\/?s={search_term_string}"},"query-input":"required name=search_term_string"}],"inLanguage":"fr-FR"},{"@type":"Organization","@id":"https:\/\/www.vignobles-jeanjean.com\/#organization","name":"Vignobles Jeanjean","url":"https:\/\/www.vignobles-jeanjean.com\/","logo":{"@type":"ImageObject","inLanguage":"fr-FR","@id":"https:\/\/www.vignobles-jeanjean.com\/#\/schema\/logo\/image\/","url":"https:\/\/www.vignobles-jeanjean.com\/wp-content\/uploads\/2021\/07\/VJJ.png","contentUrl":"https:\/\/www.vignobles-jeanjean.com\/wp-content\/uploads\/2021\/07\/VJJ.png","width":683,"height":255,"caption":"Vignobles Jeanjean"},"image":{"@id":"https:\/\/www.vignobles-jeanjean.com\/#\/schema\/logo\/image\/"}}]}},"_links":{"self":[{"href":"https:\/\/www.vignobles-jeanjean.com\/index.php?rest_route=\/wp\/v2\/pages\/736","targetHints":{"allow":["GET"]}}],"collection":[{"href":"https:\/\/www.vignobles-jeanjean.com\/index.php?rest_route=\/wp\/v2\/pages"}],"about":[{"href":"https:\/\/www.vignobles-jeanjean.com\/index.php?rest_route=\/wp\/v2\/types\/page"}],"author":[{"embeddable":true,"href":"https:\/\/www.vignobles-jeanjean.com\/index.php?rest_route=\/wp\/v2\/users\/1"}],"replies":[{"embeddable":true,"href":"https:\/\/www.vignobles-jeanjean.com\/index.php?rest_route=%2Fwp%2Fv2%2Fcomments&post=736"}],"version-history":[{"count":67,"href":"https:\/\/www.vignobles-jeanjean.com\/index.php?rest_route=\/wp\/v2\/pages\/736\/revisions"}],"predecessor-version":[{"id":4572,"href":"https:\/\/www.vignobles-jeanjean.com\/index.php?rest_route=\/wp\/v2\/pages\/736\/revisions\/4572"}],"wp:attachment":[{"href":"https:\/\/www.vignobles-jeanjean.com\/index.php?rest_route=%2Fwp%2Fv2%2Fmedia&parent=736"}],"curies":[{"name":"wp","href":"https:\/\/api.w.org\/{rel}","templated":true}]}}