{"id":664,"date":"2021-05-19T11:46:16","date_gmt":"2021-05-19T11:46:16","guid":{"rendered":"http:\/\/advini-jeanjean-wp.projets-preprod.com\/?page_id=664"},"modified":"2026-04-28T18:50:15","modified_gmt":"2026-04-28T18:50:15","slug":"devois-des-agneaux-daumelas","status":"publish","type":"page","link":"https:\/\/www.vignobles-jeanjean.com\/?page_id=664","title":{"rendered":"DEVOIS DES AGNEAUX D&#8217;AUMELAS"},"content":{"rendered":"\t\t<div data-elementor-type=\"wp-page\" data-elementor-id=\"664\" class=\"elementor elementor-664\" data-elementor-settings=\"[]\">\n\t\t\t\t\t\t\t<div class=\"elementor-section-wrap\">\n\t\t\t\t\t\t\t<section class=\"elementor-section elementor-top-section elementor-element elementor-element-6b70abf elementor-section-full_width elementor-section-height-default elementor-section-height-default\" data-id=\"6b70abf\" data-element_type=\"section\">\n\t\t\t\t\t\t<div class=\"elementor-container elementor-column-gap-no\">\n\t\t\t\t\t<div class=\"elementor-column elementor-col-100 elementor-top-column elementor-element elementor-element-d5c26c8\" data-id=\"d5c26c8\" data-element_type=\"column\">\n\t\t\t<div class=\"elementor-widget-wrap elementor-element-populated\">\n\t\t\t\t\t\t\t\t<div class=\"elementor-element elementor-element-b4b1f33 elementor-widget elementor-widget-image\" data-id=\"b4b1f33\" data-element_type=\"widget\" data-widget_type=\"image.default\">\n\t\t\t\t<div class=\"elementor-widget-container\">\n\t\t\t\t\t\t\t\t\t\t\t\t\t\t\t<img loading=\"lazy\" decoding=\"async\" width=\"1536\" height=\"372\" src=\"https:\/\/www.vignobles-jeanjean.com\/wp-content\/uploads\/2023\/03\/header-DEVOIS-FT-QUABLE-B-1536x372.png\" class=\"attachment-1536x1536 size-1536x1536\" alt=\"\" srcset=\"https:\/\/www.vignobles-jeanjean.com\/wp-content\/uploads\/2023\/03\/header-DEVOIS-FT-QUABLE-B-1536x372.png 1536w, https:\/\/www.vignobles-jeanjean.com\/wp-content\/uploads\/2023\/03\/header-DEVOIS-FT-QUABLE-B-300x73.png 300w, https:\/\/www.vignobles-jeanjean.com\/wp-content\/uploads\/2023\/03\/header-DEVOIS-FT-QUABLE-B-1024x248.png 1024w, https:\/\/www.vignobles-jeanjean.com\/wp-content\/uploads\/2023\/03\/header-DEVOIS-FT-QUABLE-B-768x186.png 768w, https:\/\/www.vignobles-jeanjean.com\/wp-content\/uploads\/2023\/03\/header-DEVOIS-FT-QUABLE-B-2048x495.png 2048w\" sizes=\"auto, (max-width: 1536px) 100vw, 1536px\" \/>\t\t\t\t\t\t\t\t\t\t\t\t\t\t\t<\/div>\n\t\t\t\t<\/div>\n\t\t\t\t\t<\/div>\n\t\t<\/div>\n\t\t\t\t\t\t\t<\/div>\n\t\t<\/section>\n\t\t\t\t<section class=\"elementor-section elementor-top-section elementor-element elementor-element-87b54d4 elementor-section-boxed elementor-section-height-default elementor-section-height-default\" data-id=\"87b54d4\" data-element_type=\"section\">\n\t\t\t\t\t\t<div class=\"elementor-container elementor-column-gap-default\">\n\t\t\t\t\t<div class=\"elementor-column elementor-col-100 elementor-top-column elementor-element elementor-element-0577120\" data-id=\"0577120\" data-element_type=\"column\">\n\t\t\t<div class=\"elementor-widget-wrap elementor-element-populated\">\n\t\t\t\t\t\t\t\t<section class=\"elementor-section elementor-inner-section elementor-element elementor-element-e47278d elementor-section-boxed elementor-section-height-default elementor-section-height-default\" data-id=\"e47278d\" data-element_type=\"section\">\n\t\t\t\t\t\t<div class=\"elementor-container elementor-column-gap-default\">\n\t\t\t\t\t<div class=\"elementor-column elementor-col-50 elementor-inner-column elementor-element elementor-element-d8383cc\" data-id=\"d8383cc\" data-element_type=\"column\" id=\"domaine-contents\">\n\t\t\t<div class=\"elementor-widget-wrap elementor-element-populated\">\n\t\t\t\t\t\t\t\t<div class=\"elementor-element elementor-element-1865734 elementor-widget elementor-widget-heading\" data-id=\"1865734\" data-element_type=\"widget\" id=\"underline\" data-widget_type=\"heading.default\">\n\t\t\t\t<div class=\"elementor-widget-container\">\n\t\t\t<h4 class=\"elementor-heading-title elementor-size-default\">DEVOIS DES AGNEAUX <br>CHATEAU VALOUSSIERE<\/h4>\t\t<\/div>\n\t\t\t\t<\/div>\n\t\t\t\t<div class=\"elementor-element elementor-element-e7b098d elementor-widget elementor-widget-text-editor\" data-id=\"e7b098d\" data-element_type=\"widget\" data-widget_type=\"text-editor.default\">\n\t\t\t\t<div class=\"elementor-widget-container\">\n\t\t\t\t\t\t\t\t<p>L&#8217;AUDACE DU LANGUEDOC<\/p><p>\u00ab En retrait dans un lieu o\u00f9 les bergers venaient s\u2019abriter des assauts du vent, les Jeanjean ont imagin\u00e9 et d\u00e9frich\u00e9, acte pionnier et visionnaire, des terroirs naissants dans cette beaut\u00e9 insolente. \u00bb Magazine Vignerons<\/p><p>Le ch\u00e2teau Valoussi\u00e8re, que l\u2019on conna\u00eet aussi sous le nom de Devois des Agneaux, c\u2019est toute l\u2019audace de la famille. Dans cette propri\u00e9t\u00e9 datant du 15\u00e8me si\u00e8cle, achet\u00e9e en 1936 par la famille, de grands chapitres du Languedoc viticoles se sont \u00e9crits, autour de moment conviviaux sous les ch\u00e2taigniers, accompagn\u00e9s de c\u00f4te de b\u0153uf au barbecue. Ce terroir calcaire et hostile \u00e0 l\u2019origine, est aujourd\u2019hui un vignoble de 16 hectares plant\u00e9 de Syrahs et Grenaches, aux c\u00f4t\u00e9s de l\u2019ancienne bergerie convertie en chai.<\/p>\t\t\t\t\t\t<\/div>\n\t\t\t\t<\/div>\n\t\t\t\t<div class=\"elementor-element elementor-element-c944517 elementor-align-center elementor-widget elementor-widget-button\" data-id=\"c944517\" data-element_type=\"widget\" data-widget_type=\"button.default\">\n\t\t\t\t<div class=\"elementor-widget-container\">\n\t\t\t\t\t<div class=\"elementor-button-wrapper\">\n\t\t\t<a href=\"https:\/\/boutique.vignobles-jeanjean.com\/les-domaines-des-vignobles-jeanjean\/devois-des-agneaux-d-aumelas.html\" class=\"elementor-button-link elementor-button elementor-size-lg\" role=\"button\">\n\t\t\t\t\t\t<span class=\"elementor-button-content-wrapper\">\n\t\t\t\t\t\t<span class=\"elementor-button-icon elementor-align-icon-left\">\n\t\t\t\t<i aria-hidden=\"true\" class=\"fas fa-shopping-cart\"><\/i>\t\t\t<\/span>\n\t\t\t\t\t\t<span class=\"elementor-button-text\">Acheter en ligne<\/span>\n\t\t<\/span>\n\t\t\t\t\t<\/a>\n\t\t<\/div>\n\t\t\t\t<\/div>\n\t\t\t\t<\/div>\n\t\t\t\t\t<\/div>\n\t\t<\/div>\n\t\t\t\t<div class=\"elementor-column elementor-col-50 elementor-inner-column elementor-element elementor-element-4ac385c\" data-id=\"4ac385c\" data-element_type=\"column\">\n\t\t\t<div class=\"elementor-widget-wrap elementor-element-populated\">\n\t\t\t\t\t\t\t\t<div class=\"elementor-element elementor-element-f02992b elementor-widget elementor-widget-text-editor\" data-id=\"f02992b\" data-element_type=\"widget\" data-widget_type=\"text-editor.default\">\n\t\t\t\t<div class=\"elementor-widget-container\">\n\t\t\t\t\t\t\t\t<h5>SURFACE<\/h5><p>15 hectares<\/p>\t\t\t\t\t\t<\/div>\n\t\t\t\t<\/div>\n\t\t\t\t<div class=\"elementor-element elementor-element-6e8449a elementor-widget elementor-widget-text-editor\" data-id=\"6e8449a\" data-element_type=\"widget\" data-widget_type=\"text-editor.default\">\n\t\t\t\t<div class=\"elementor-widget-container\">\n\t\t\t\t\t\t\t\t<h5>ALTITUDE<\/h5><p>150 \u00e0 200 m d&#8217;altitude<\/p>\t\t\t\t\t\t<\/div>\n\t\t\t\t<\/div>\n\t\t\t\t<div class=\"elementor-element elementor-element-ea8fdae elementor-widget elementor-widget-text-editor\" data-id=\"ea8fdae\" data-element_type=\"widget\" data-widget_type=\"text-editor.default\">\n\t\t\t\t<div class=\"elementor-widget-container\">\n\t\t\t\t\t\t\t\t<h5>SOL<\/h5><p>Eclats calcaires du Jurassique d&#8217;origine marine<\/p>\t\t\t\t\t\t<\/div>\n\t\t\t\t<\/div>\n\t\t\t\t<div class=\"elementor-element elementor-element-feaa38f elementor-widget elementor-widget-text-editor\" data-id=\"feaa38f\" data-element_type=\"widget\" data-widget_type=\"text-editor.default\">\n\t\t\t\t<div class=\"elementor-widget-container\">\n\t\t\t\t\t\t\t\t<h5>TYPICITE<\/h5><p>Poivre, garrigue, et structure<\/p>\t\t\t\t\t\t<\/div>\n\t\t\t\t<\/div>\n\t\t\t\t<div class=\"elementor-element elementor-element-1331440 elementor-widget elementor-widget-text-editor\" data-id=\"1331440\" data-element_type=\"widget\" data-widget_type=\"text-editor.default\">\n\t\t\t\t<div class=\"elementor-widget-container\">\n\t\t\t\t\t\t\t\t<h5>CEPAGES<\/h5><p>Blancs : Roussane, Vermentino, Marsanne<\/p><p>Rouges : Syrah, Grenache, Carignan<\/p>\t\t\t\t\t\t<\/div>\n\t\t\t\t<\/div>\n\t\t\t\t<div class=\"elementor-element elementor-element-aa51bb2 elementor-widget elementor-widget-text-editor\" data-id=\"aa51bb2\" data-element_type=\"widget\" data-widget_type=\"text-editor.default\">\n\t\t\t\t<div class=\"elementor-widget-container\">\n\t\t\t\t\t\t\t\t<h5>APPELLATION<\/h5><p>AOP Languedoc<\/p>\t\t\t\t\t\t<\/div>\n\t\t\t\t<\/div>\n\t\t\t\t<div class=\"elementor-element elementor-element-31908a9 elementor-widget elementor-widget-text-editor\" data-id=\"31908a9\" data-element_type=\"widget\" data-widget_type=\"text-editor.default\">\n\t\t\t\t<div class=\"elementor-widget-container\">\n\t\t\t\t\t\t\t\t<h5>CERTIFICATION<\/h5>\t\t\t\t\t\t<\/div>\n\t\t\t\t<\/div>\n\t\t\t\t<div class=\"elementor-element elementor-element-a3da7c8 elementor-widget elementor-widget-image\" data-id=\"a3da7c8\" data-element_type=\"widget\" id=\"s-image\" data-widget_type=\"image.default\">\n\t\t\t\t<div class=\"elementor-widget-container\">\n\t\t\t\t\t\t\t\t\t\t\t\t\t\t\t<img loading=\"lazy\" decoding=\"async\" width=\"500\" height=\"333\" src=\"https:\/\/www.vignobles-jeanjean.com\/wp-content\/uploads\/2021\/05\/EU_Organic_Logo_Colour_rgb.jpg\" class=\"attachment-full size-full\" alt=\"bio\" srcset=\"https:\/\/www.vignobles-jeanjean.com\/wp-content\/uploads\/2021\/05\/EU_Organic_Logo_Colour_rgb.jpg 500w, https:\/\/www.vignobles-jeanjean.com\/wp-content\/uploads\/2021\/05\/EU_Organic_Logo_Colour_rgb-300x200.jpg 300w\" sizes=\"auto, (max-width: 500px) 100vw, 500px\" \/>\t\t\t\t\t\t\t\t\t\t\t\t\t\t\t<\/div>\n\t\t\t\t<\/div>\n\t\t\t\t<div class=\"elementor-element elementor-element-7b5892a elementor-widget elementor-widget-image\" data-id=\"7b5892a\" data-element_type=\"widget\" data-widget_type=\"image.default\">\n\t\t\t\t<div class=\"elementor-widget-container\">\n\t\t\t\t\t\t\t\t\t\t\t\t\t\t\t<img loading=\"lazy\" decoding=\"async\" width=\"100\" height=\"100\" src=\"https:\/\/www.vignobles-jeanjean.com\/wp-content\/uploads\/2025\/05\/ART-MAI-PIVE-9.png\" class=\"attachment-full size-full\" alt=\"\" \/>\t\t\t\t\t\t\t\t\t\t\t\t\t\t\t<\/div>\n\t\t\t\t<\/div>\n\t\t\t\t\t<\/div>\n\t\t<\/div>\n\t\t\t\t\t\t\t<\/div>\n\t\t<\/section>\n\t\t\t\t\t<\/div>\n\t\t<\/div>\n\t\t\t\t\t\t\t<\/div>\n\t\t<\/section>\n\t\t\t\t<section class=\"elementor-section elementor-top-section elementor-element elementor-element-ba84be6 elementor-section-boxed elementor-section-height-default elementor-section-height-default\" data-id=\"ba84be6\" data-element_type=\"section\" id=\"wins\">\n\t\t\t\t\t\t<div class=\"elementor-container elementor-column-gap-default\">\n\t\t\t\t\t<div class=\"elementor-column elementor-col-100 elementor-top-column elementor-element elementor-element-17ec7cc\" data-id=\"17ec7cc\" data-element_type=\"column\" id=\"single-win\">\n\t\t\t<div class=\"elementor-widget-wrap elementor-element-populated\">\n\t\t\t\t\t\t\t\t<div class=\"elementor-element elementor-element-580f183 elementor-grid-4 elementor-posts--align-center elementor-grid-tablet-2 elementor-grid-mobile-1 elementor-posts--thumbnail-top elementor-widget elementor-widget-posts\" data-id=\"580f183\" data-element_type=\"widget\" data-settings=\"{&quot;classic_columns&quot;:&quot;4&quot;,&quot;classic_columns_tablet&quot;:&quot;2&quot;,&quot;classic_columns_mobile&quot;:&quot;1&quot;,&quot;classic_row_gap&quot;:{&quot;unit&quot;:&quot;px&quot;,&quot;size&quot;:35,&quot;sizes&quot;:[]}}\" data-widget_type=\"posts.classic\">\n\t\t\t\t<div class=\"elementor-widget-container\">\n\t\t\t\t\t<div class=\"elementor-posts-container elementor-posts elementor-posts--skin-classic elementor-grid\">\n\t\t\t\t<article class=\"elementor-post elementor-grid-item post-725 win type-win status-publish has-post-thumbnail hentry category-devois-des-agneaux\">\n\t\t\t\t<a class=\"elementor-post__thumbnail__link\" href=\"https:\/\/www.vignobles-jeanjean.com\/?win=devois-rouge\" >\n\t\t\t<div class=\"elementor-post__thumbnail\"><img loading=\"lazy\" decoding=\"async\" width=\"765\" height=\"2560\" src=\"https:\/\/www.vignobles-jeanjean.com\/wp-content\/uploads\/2021\/05\/jj_devois_agneaux_NM_rouge-1-scaled.jpg\" class=\"attachment-full size-full\" alt=\"\" srcset=\"https:\/\/www.vignobles-jeanjean.com\/wp-content\/uploads\/2021\/05\/jj_devois_agneaux_NM_rouge-1-scaled.jpg 765w, https:\/\/www.vignobles-jeanjean.com\/wp-content\/uploads\/2021\/05\/jj_devois_agneaux_NM_rouge-1-90x300.jpg 90w, https:\/\/www.vignobles-jeanjean.com\/wp-content\/uploads\/2021\/05\/jj_devois_agneaux_NM_rouge-1-306x1024.jpg 306w, https:\/\/www.vignobles-jeanjean.com\/wp-content\/uploads\/2021\/05\/jj_devois_agneaux_NM_rouge-1-768x2569.jpg 768w, https:\/\/www.vignobles-jeanjean.com\/wp-content\/uploads\/2021\/05\/jj_devois_agneaux_NM_rouge-1-459x1536.jpg 459w, https:\/\/www.vignobles-jeanjean.com\/wp-content\/uploads\/2021\/05\/jj_devois_agneaux_NM_rouge-1-612x2048.jpg 612w\" sizes=\"auto, (max-width: 765px) 100vw, 765px\" \/><\/div>\n\t\t<\/a>\n\t\t\t\t<div class=\"elementor-post__text\">\n\t\t\t\t<h3 class=\"elementor-post__title\">\n\t\t\t<a href=\"https:\/\/www.vignobles-jeanjean.com\/?win=devois-rouge\" >\n\t\t\t\tDEVOIS ROUGE\t\t\t<\/a>\n\t\t<\/h3>\n\t\t\t\t<\/div>\n\t\t\t\t<\/article>\n\t\t\t\t<article class=\"elementor-post elementor-grid-item post-3001 win type-win status-publish has-post-thumbnail hentry category-devois-des-agneaux\">\n\t\t\t\t<a class=\"elementor-post__thumbnail__link\" href=\"https:\/\/www.vignobles-jeanjean.com\/?win=devois-des-agneaux-blanc\" >\n\t\t\t<div class=\"elementor-post__thumbnail\"><img loading=\"lazy\" decoding=\"async\" width=\"765\" height=\"2560\" src=\"https:\/\/www.vignobles-jeanjean.com\/wp-content\/uploads\/2021\/05\/Devois-BL_NM-scaled.jpg\" class=\"attachment-full size-full\" alt=\"\" srcset=\"https:\/\/www.vignobles-jeanjean.com\/wp-content\/uploads\/2021\/05\/Devois-BL_NM-scaled.jpg 765w, https:\/\/www.vignobles-jeanjean.com\/wp-content\/uploads\/2021\/05\/Devois-BL_NM-90x300.jpg 90w, https:\/\/www.vignobles-jeanjean.com\/wp-content\/uploads\/2021\/05\/Devois-BL_NM-306x1024.jpg 306w, https:\/\/www.vignobles-jeanjean.com\/wp-content\/uploads\/2021\/05\/Devois-BL_NM-768x2569.jpg 768w, https:\/\/www.vignobles-jeanjean.com\/wp-content\/uploads\/2021\/05\/Devois-BL_NM-459x1536.jpg 459w, https:\/\/www.vignobles-jeanjean.com\/wp-content\/uploads\/2021\/05\/Devois-BL_NM-612x2048.jpg 612w\" sizes=\"auto, (max-width: 765px) 100vw, 765px\" \/><\/div>\n\t\t<\/a>\n\t\t\t\t<div class=\"elementor-post__text\">\n\t\t\t\t<h3 class=\"elementor-post__title\">\n\t\t\t<a href=\"https:\/\/www.vignobles-jeanjean.com\/?win=devois-des-agneaux-blanc\" >\n\t\t\t\tDEVOIS BLANC\t\t\t<\/a>\n\t\t<\/h3>\n\t\t\t\t<\/div>\n\t\t\t\t<\/article>\n\t\t\t\t<article class=\"elementor-post elementor-grid-item post-728 win type-win status-publish has-post-thumbnail hentry category-devois-des-agneaux\">\n\t\t\t\t<a class=\"elementor-post__thumbnail__link\" href=\"https:\/\/www.vignobles-jeanjean.com\/?win=devois-des-agneaux-rose\" >\n\t\t\t<div class=\"elementor-post__thumbnail\"><img loading=\"lazy\" decoding=\"async\" width=\"765\" height=\"2560\" src=\"https:\/\/www.vignobles-jeanjean.com\/wp-content\/uploads\/2021\/05\/JJ_DEVOIS_AGNEAUX_RS_NM_AB-scaled.jpg\" class=\"attachment-full size-full\" alt=\"\" srcset=\"https:\/\/www.vignobles-jeanjean.com\/wp-content\/uploads\/2021\/05\/JJ_DEVOIS_AGNEAUX_RS_NM_AB-scaled.jpg 765w, https:\/\/www.vignobles-jeanjean.com\/wp-content\/uploads\/2021\/05\/JJ_DEVOIS_AGNEAUX_RS_NM_AB-90x300.jpg 90w, https:\/\/www.vignobles-jeanjean.com\/wp-content\/uploads\/2021\/05\/JJ_DEVOIS_AGNEAUX_RS_NM_AB-306x1024.jpg 306w, https:\/\/www.vignobles-jeanjean.com\/wp-content\/uploads\/2021\/05\/JJ_DEVOIS_AGNEAUX_RS_NM_AB-768x2569.jpg 768w, https:\/\/www.vignobles-jeanjean.com\/wp-content\/uploads\/2021\/05\/JJ_DEVOIS_AGNEAUX_RS_NM_AB-459x1536.jpg 459w, https:\/\/www.vignobles-jeanjean.com\/wp-content\/uploads\/2021\/05\/JJ_DEVOIS_AGNEAUX_RS_NM_AB-612x2048.jpg 612w\" sizes=\"auto, (max-width: 765px) 100vw, 765px\" \/><\/div>\n\t\t<\/a>\n\t\t\t\t<div class=\"elementor-post__text\">\n\t\t\t\t<h3 class=\"elementor-post__title\">\n\t\t\t<a href=\"https:\/\/www.vignobles-jeanjean.com\/?win=devois-des-agneaux-rose\" >\n\t\t\t\tDEVOIS ROSE\t\t\t<\/a>\n\t\t<\/h3>\n\t\t\t\t<\/div>\n\t\t\t\t<\/article>\n\t\t\t\t<article class=\"elementor-post elementor-grid-item post-716 win type-win status-publish has-post-thumbnail hentry category-devois-des-agneaux\">\n\t\t\t\t<a class=\"elementor-post__thumbnail__link\" href=\"https:\/\/www.vignobles-jeanjean.com\/?win=chateau-valoussiere\" >\n\t\t\t<div class=\"elementor-post__thumbnail\"><img loading=\"lazy\" decoding=\"async\" width=\"765\" height=\"2560\" src=\"https:\/\/www.vignobles-jeanjean.com\/wp-content\/uploads\/2021\/05\/Chateau_Valoussiere_NM-scaled.jpg\" class=\"attachment-full size-full\" alt=\"\" srcset=\"https:\/\/www.vignobles-jeanjean.com\/wp-content\/uploads\/2021\/05\/Chateau_Valoussiere_NM-scaled.jpg 765w, https:\/\/www.vignobles-jeanjean.com\/wp-content\/uploads\/2021\/05\/Chateau_Valoussiere_NM-90x300.jpg 90w, https:\/\/www.vignobles-jeanjean.com\/wp-content\/uploads\/2021\/05\/Chateau_Valoussiere_NM-306x1024.jpg 306w, https:\/\/www.vignobles-jeanjean.com\/wp-content\/uploads\/2021\/05\/Chateau_Valoussiere_NM-768x2569.jpg 768w, https:\/\/www.vignobles-jeanjean.com\/wp-content\/uploads\/2021\/05\/Chateau_Valoussiere_NM-459x1536.jpg 459w, https:\/\/www.vignobles-jeanjean.com\/wp-content\/uploads\/2021\/05\/Chateau_Valoussiere_NM-612x2048.jpg 612w\" sizes=\"auto, (max-width: 765px) 100vw, 765px\" \/><\/div>\n\t\t<\/a>\n\t\t\t\t<div class=\"elementor-post__text\">\n\t\t\t\t<h3 class=\"elementor-post__title\">\n\t\t\t<a href=\"https:\/\/www.vignobles-jeanjean.com\/?win=chateau-valoussiere\" >\n\t\t\t\tCHATEAU VALOUSSIERE\t\t\t<\/a>\n\t\t<\/h3>\n\t\t\t\t<\/div>\n\t\t\t\t<\/article>\n\t\t\t\t<article class=\"elementor-post elementor-grid-item post-719 win type-win status-publish has-post-thumbnail hentry category-devois-des-agneaux\">\n\t\t\t\t<a class=\"elementor-post__thumbnail__link\" href=\"https:\/\/www.vignobles-jeanjean.com\/?win=grand-devois-rouge\" >\n\t\t\t<div class=\"elementor-post__thumbnail\"><img loading=\"lazy\" decoding=\"async\" width=\"765\" height=\"2560\" src=\"https:\/\/www.vignobles-jeanjean.com\/wp-content\/uploads\/2021\/05\/vjj_grand_devois_NM_rg-scaled.jpg\" class=\"attachment-full size-full\" alt=\"\" srcset=\"https:\/\/www.vignobles-jeanjean.com\/wp-content\/uploads\/2021\/05\/vjj_grand_devois_NM_rg-scaled.jpg 765w, https:\/\/www.vignobles-jeanjean.com\/wp-content\/uploads\/2021\/05\/vjj_grand_devois_NM_rg-90x300.jpg 90w, https:\/\/www.vignobles-jeanjean.com\/wp-content\/uploads\/2021\/05\/vjj_grand_devois_NM_rg-306x1024.jpg 306w, https:\/\/www.vignobles-jeanjean.com\/wp-content\/uploads\/2021\/05\/vjj_grand_devois_NM_rg-768x2569.jpg 768w, https:\/\/www.vignobles-jeanjean.com\/wp-content\/uploads\/2021\/05\/vjj_grand_devois_NM_rg-459x1536.jpg 459w, https:\/\/www.vignobles-jeanjean.com\/wp-content\/uploads\/2021\/05\/vjj_grand_devois_NM_rg-612x2048.jpg 612w\" sizes=\"auto, (max-width: 765px) 100vw, 765px\" \/><\/div>\n\t\t<\/a>\n\t\t\t\t<div class=\"elementor-post__text\">\n\t\t\t\t<h3 class=\"elementor-post__title\">\n\t\t\t<a href=\"https:\/\/www.vignobles-jeanjean.com\/?win=grand-devois-rouge\" >\n\t\t\t\tGRAND DEVOIS ROUGE\t\t\t<\/a>\n\t\t<\/h3>\n\t\t\t\t<\/div>\n\t\t\t\t<\/article>\n\t\t\t\t<article class=\"elementor-post elementor-grid-item post-3010 win type-win status-publish has-post-thumbnail hentry category-devois-des-agneaux\">\n\t\t\t\t<a class=\"elementor-post__thumbnail__link\" href=\"https:\/\/www.vignobles-jeanjean.com\/?win=grand-devois-blanc\" >\n\t\t\t<div class=\"elementor-post__thumbnail\"><img loading=\"lazy\" decoding=\"async\" width=\"765\" height=\"2560\" src=\"https:\/\/www.vignobles-jeanjean.com\/wp-content\/uploads\/2023\/03\/grand_devois_2021_blanc-scaled.jpg\" class=\"attachment-full size-full\" alt=\"Grand Devois - Vin Blanc BIO AOP Languedoc - Devois des Agneaux\" srcset=\"https:\/\/www.vignobles-jeanjean.com\/wp-content\/uploads\/2023\/03\/grand_devois_2021_blanc-scaled.jpg 765w, https:\/\/www.vignobles-jeanjean.com\/wp-content\/uploads\/2023\/03\/grand_devois_2021_blanc-90x300.jpg 90w, https:\/\/www.vignobles-jeanjean.com\/wp-content\/uploads\/2023\/03\/grand_devois_2021_blanc-306x1024.jpg 306w, https:\/\/www.vignobles-jeanjean.com\/wp-content\/uploads\/2023\/03\/grand_devois_2021_blanc-768x2569.jpg 768w, https:\/\/www.vignobles-jeanjean.com\/wp-content\/uploads\/2023\/03\/grand_devois_2021_blanc-459x1536.jpg 459w, https:\/\/www.vignobles-jeanjean.com\/wp-content\/uploads\/2023\/03\/grand_devois_2021_blanc-612x2048.jpg 612w\" sizes=\"auto, (max-width: 765px) 100vw, 765px\" \/><\/div>\n\t\t<\/a>\n\t\t\t\t<div class=\"elementor-post__text\">\n\t\t\t\t<h3 class=\"elementor-post__title\">\n\t\t\t<a href=\"https:\/\/www.vignobles-jeanjean.com\/?win=grand-devois-blanc\" >\n\t\t\t\tGRAND DEVOIS BLANC\t\t\t<\/a>\n\t\t<\/h3>\n\t\t\t\t<\/div>\n\t\t\t\t<\/article>\n\t\t\t\t<article class=\"elementor-post elementor-grid-item post-722 win type-win status-publish has-post-thumbnail hentry category-devois-des-agneaux\">\n\t\t\t\t<a class=\"elementor-post__thumbnail__link\" href=\"https:\/\/www.vignobles-jeanjean.com\/?win=l-audacieuse\" >\n\t\t\t<div class=\"elementor-post__thumbnail\"><img loading=\"lazy\" decoding=\"async\" width=\"765\" height=\"2560\" src=\"https:\/\/www.vignobles-jeanjean.com\/wp-content\/uploads\/2021\/05\/laudacieuse-rouge-scaled.jpg\" class=\"attachment-full size-full\" alt=\"L&#039;audacieuse vin rouge aop Languedoc\" srcset=\"https:\/\/www.vignobles-jeanjean.com\/wp-content\/uploads\/2021\/05\/laudacieuse-rouge-scaled.jpg 765w, https:\/\/www.vignobles-jeanjean.com\/wp-content\/uploads\/2021\/05\/laudacieuse-rouge-90x300.jpg 90w, https:\/\/www.vignobles-jeanjean.com\/wp-content\/uploads\/2021\/05\/laudacieuse-rouge-306x1024.jpg 306w, https:\/\/www.vignobles-jeanjean.com\/wp-content\/uploads\/2021\/05\/laudacieuse-rouge-768x2569.jpg 768w, https:\/\/www.vignobles-jeanjean.com\/wp-content\/uploads\/2021\/05\/laudacieuse-rouge-459x1536.jpg 459w, https:\/\/www.vignobles-jeanjean.com\/wp-content\/uploads\/2021\/05\/laudacieuse-rouge-612x2048.jpg 612w\" sizes=\"auto, (max-width: 765px) 100vw, 765px\" \/><\/div>\n\t\t<\/a>\n\t\t\t\t<div class=\"elementor-post__text\">\n\t\t\t\t<h3 class=\"elementor-post__title\">\n\t\t\t<a href=\"https:\/\/www.vignobles-jeanjean.com\/?win=l-audacieuse\" >\n\t\t\t\tL&#8217;AUDACIEUSE ROUGE\t\t\t<\/a>\n\t\t<\/h3>\n\t\t\t\t<\/div>\n\t\t\t\t<\/article>\n\t\t\t\t<article class=\"elementor-post elementor-grid-item post-731 win type-win status-publish has-post-thumbnail hentry category-devois-des-agneaux\">\n\t\t\t\t<a class=\"elementor-post__thumbnail__link\" href=\"https:\/\/www.vignobles-jeanjean.com\/?win=l-audacieuse-blanc\" >\n\t\t\t<div class=\"elementor-post__thumbnail\"><img loading=\"lazy\" decoding=\"async\" width=\"765\" height=\"2560\" src=\"https:\/\/www.vignobles-jeanjean.com\/wp-content\/uploads\/2021\/05\/laudacieuse-blanc-scaled.jpg\" class=\"attachment-full size-full\" alt=\"L&#039;audacieuse vin blanc aop languedoc\" srcset=\"https:\/\/www.vignobles-jeanjean.com\/wp-content\/uploads\/2021\/05\/laudacieuse-blanc-scaled.jpg 765w, https:\/\/www.vignobles-jeanjean.com\/wp-content\/uploads\/2021\/05\/laudacieuse-blanc-90x300.jpg 90w, https:\/\/www.vignobles-jeanjean.com\/wp-content\/uploads\/2021\/05\/laudacieuse-blanc-306x1024.jpg 306w, https:\/\/www.vignobles-jeanjean.com\/wp-content\/uploads\/2021\/05\/laudacieuse-blanc-768x2569.jpg 768w, https:\/\/www.vignobles-jeanjean.com\/wp-content\/uploads\/2021\/05\/laudacieuse-blanc-459x1536.jpg 459w, https:\/\/www.vignobles-jeanjean.com\/wp-content\/uploads\/2021\/05\/laudacieuse-blanc-612x2048.jpg 612w\" sizes=\"auto, (max-width: 765px) 100vw, 765px\" \/><\/div>\n\t\t<\/a>\n\t\t\t\t<div class=\"elementor-post__text\">\n\t\t\t\t<h3 class=\"elementor-post__title\">\n\t\t\t<a href=\"https:\/\/www.vignobles-jeanjean.com\/?win=l-audacieuse-blanc\" >\n\t\t\t\tL&#8217;AUDACIEUSE BLANC\t\t\t<\/a>\n\t\t<\/h3>\n\t\t\t\t<\/div>\n\t\t\t\t<\/article>\n\t\t\t\t<\/div>\n\t\t\t\t<\/div>\n\t\t\t\t<\/div>\n\t\t\t\t\t<\/div>\n\t\t<\/div>\n\t\t\t\t\t\t\t<\/div>\n\t\t<\/section>\n\t\t\t\t<section class=\"elementor-section elementor-top-section elementor-element elementor-element-767f092 elementor-section-boxed elementor-section-height-default elementor-section-height-default\" data-id=\"767f092\" data-element_type=\"section\">\n\t\t\t\t\t\t<div class=\"elementor-container elementor-column-gap-default\">\n\t\t\t\t\t<div class=\"elementor-column elementor-col-100 elementor-top-column elementor-element elementor-element-00a9568\" data-id=\"00a9568\" data-element_type=\"column\">\n\t\t\t<div class=\"elementor-widget-wrap elementor-element-populated\">\n\t\t\t\t\t\t\t\t<div class=\"elementor-element elementor-element-78e9149 elementor-skin-carousel elementor-arrows-yes elementor-pagination-type-bullets elementor-pagination-position-outside elementor-widget elementor-widget-media-carousel\" data-id=\"78e9149\" data-element_type=\"widget\" data-settings=\"{&quot;skin&quot;:&quot;carousel&quot;,&quot;effect&quot;:&quot;slide&quot;,&quot;show_arrows&quot;:&quot;yes&quot;,&quot;pagination&quot;:&quot;bullets&quot;,&quot;speed&quot;:500,&quot;autoplay&quot;:&quot;yes&quot;,&quot;autoplay_speed&quot;:5000,&quot;loop&quot;:&quot;yes&quot;,&quot;pause_on_hover&quot;:&quot;yes&quot;,&quot;pause_on_interaction&quot;:&quot;yes&quot;,&quot;space_between&quot;:{&quot;unit&quot;:&quot;px&quot;,&quot;size&quot;:10,&quot;sizes&quot;:[]},&quot;space_between_tablet&quot;:{&quot;unit&quot;:&quot;px&quot;,&quot;size&quot;:10,&quot;sizes&quot;:[]},&quot;space_between_mobile&quot;:{&quot;unit&quot;:&quot;px&quot;,&quot;size&quot;:10,&quot;sizes&quot;:[]}}\" data-widget_type=\"media-carousel.default\">\n\t\t\t\t<div class=\"elementor-widget-container\">\n\t\t\t\t\t<div class=\"elementor-swiper\">\n\t\t\t<div class=\"elementor-main-swiper swiper-container\">\n\t\t\t\t<div class=\"swiper-wrapper\">\n\t\t\t\t\t\t\t\t\t\t\t<div class=\"swiper-slide\">\n\t\t\t\t\t\t\t\t\t<div class=\"elementor-carousel-image\" style=\"background-image: url(https:\/\/www.vignobles-jeanjean.com\/wp-content\/uploads\/2021\/07\/278_7873-Large.jpg)\">\n\t\t\t\t\t<\/div>\n\t\t\t\t\t\t\t\t<\/div>\n\t\t\t\t\t\t\t\t\t\t\t<div class=\"swiper-slide\">\n\t\t\t\t\t\t\t\t\t<div class=\"elementor-carousel-image\" style=\"background-image: url(https:\/\/www.vignobles-jeanjean.com\/wp-content\/uploads\/2021\/07\/ouverture-e\u2560ute\u2560uDSC_6752-copie-scaled.jpg)\">\n\t\t\t\t\t<\/div>\n\t\t\t\t\t\t\t\t<\/div>\n\t\t\t\t\t\t\t\t\t\t\t<div class=\"swiper-slide\">\n\t\t\t\t\t\t\t\t\t<div class=\"elementor-carousel-image\" style=\"background-image: url(https:\/\/www.vignobles-jeanjean.com\/wp-content\/uploads\/2021\/07\/84036-J-scaled.jpg)\">\n\t\t\t\t\t<\/div>\n\t\t\t\t\t\t\t\t<\/div>\n\t\t\t\t\t\t\t\t\t\t\t<div class=\"swiper-slide\">\n\t\t\t\t\t\t\t\t\t<div class=\"elementor-carousel-image\" style=\"background-image: url(https:\/\/www.vignobles-jeanjean.com\/wp-content\/uploads\/2021\/07\/IMG_6721-scaled.jpg)\">\n\t\t\t\t\t<\/div>\n\t\t\t\t\t\t\t\t<\/div>\n\t\t\t\t\t\t\t\t\t<\/div>\n\t\t\t\t\t\t\t\t\t\t\t\t\t\t\t<div class=\"swiper-pagination\"><\/div>\n\t\t\t\t\t\t\t\t\t\t\t\t\t\t\t\t<div class=\"elementor-swiper-button elementor-swiper-button-prev\">\n\t\t\t\t\t\t\t<i class=\"eicon-chevron-left\" aria-hidden=\"true\"><\/i>\n\t\t\t\t\t\t\t<span class=\"elementor-screen-only\">Pr\u00e9c\u00e9dent<\/span>\n\t\t\t\t\t\t<\/div>\n\t\t\t\t\t\t<div class=\"elementor-swiper-button elementor-swiper-button-next\">\n\t\t\t\t\t\t\t<i class=\"eicon-chevron-right\" aria-hidden=\"true\"><\/i>\n\t\t\t\t\t\t\t<span class=\"elementor-screen-only\">Suivant<\/span>\n\t\t\t\t\t\t<\/div>\n\t\t\t\t\t\t\t\t\t\t\t\t<\/div>\n\t\t<\/div>\n\t\t\t\t<\/div>\n\t\t\t\t<\/div>\n\t\t\t\t\t<\/div>\n\t\t<\/div>\n\t\t\t\t\t\t\t<\/div>\n\t\t<\/section>\n\t\t\t\t\t\t<\/div>\n\t\t\t\t\t<\/div>\n\t\t","protected":false},"excerpt":{"rendered":"<p>DEVOIS DES AGNEAUX CHATEAU VALOUSSIERE L&#8217;AUDACE DU LANGUEDOC \u00ab En retrait dans un lieu o\u00f9 les bergers venaient s\u2019abriter des assauts du vent, les Jeanjean<\/p>\n","protected":false},"author":1,"featured_media":0,"parent":0,"menu_order":0,"comment_status":"closed","ping_status":"closed","template":"","meta":{"footnotes":""},"class_list":["post-664","page","type-page","status-publish","hentry"],"yoast_head":"<!-- This site is optimized with the Yoast SEO plugin v20.4 - https:\/\/yoast.com\/wordpress\/plugins\/seo\/ -->\n<title>DEVOIS DES AGNEAUX D&#039;AUMELAS - Vignobles Jeanjean<\/title>\n<meta name=\"description\" content=\"En retrait de la civilisation, le vignoble du Devois des Agneaux est \u00e9tabli sur de superbes coteaux de calcaire dur. Pour sublimer ce terroir d\u2019exception, des c\u00e9pages rouges hautement qualitatifs et adapt\u00e9s \u00e0 ces conditions m\u00e9diterran\u00e9ennes, tels que la Syrah et le Grenache, ont \u00e9t\u00e9 choisis.\" \/>\n<meta name=\"robots\" content=\"index, follow, max-snippet:-1, max-image-preview:large, max-video-preview:-1\" \/>\n<link rel=\"canonical\" href=\"https:\/\/www.vignobles-jeanjean.com\/?page_id=664\" \/>\n<meta property=\"og:locale\" content=\"fr_FR\" \/>\n<meta property=\"og:type\" content=\"article\" \/>\n<meta property=\"og:title\" content=\"DEVOIS DES AGNEAUX D&#039;AUMELAS - Vignobles Jeanjean\" \/>\n<meta property=\"og:description\" content=\"En retrait de la civilisation, le vignoble du Devois des Agneaux est \u00e9tabli sur de superbes coteaux de calcaire dur. Pour sublimer ce terroir d\u2019exception, des c\u00e9pages rouges hautement qualitatifs et adapt\u00e9s \u00e0 ces conditions m\u00e9diterran\u00e9ennes, tels que la Syrah et le Grenache, ont \u00e9t\u00e9 choisis.\" \/>\n<meta property=\"og:url\" content=\"https:\/\/www.vignobles-jeanjean.com\/?page_id=664\" \/>\n<meta property=\"og:site_name\" content=\"Vignobles Jeanjean\" \/>\n<meta property=\"article:modified_time\" content=\"2026-04-28T18:50:15+00:00\" \/>\n<meta property=\"og:image\" content=\"https:\/\/www.vignobles-jeanjean.com\/wp-content\/uploads\/2023\/03\/header-DEVOIS-FT-QUABLE-B-1536x372.png\" \/>\n<meta name=\"twitter:card\" content=\"summary_large_image\" \/>\n<meta name=\"twitter:label1\" content=\"Dur\u00e9e de lecture estim\u00e9e\" \/>\n\t<meta name=\"twitter:data1\" content=\"2 minutes\" \/>\n<script type=\"application\/ld+json\" class=\"yoast-schema-graph\">{\"@context\":\"https:\/\/schema.org\",\"@graph\":[{\"@type\":\"WebPage\",\"@id\":\"https:\/\/www.vignobles-jeanjean.com\/?page_id=664\",\"url\":\"https:\/\/www.vignobles-jeanjean.com\/?page_id=664\",\"name\":\"DEVOIS DES AGNEAUX D'AUMELAS - Vignobles Jeanjean\",\"isPartOf\":{\"@id\":\"https:\/\/www.vignobles-jeanjean.com\/#website\"},\"datePublished\":\"2021-05-19T11:46:16+00:00\",\"dateModified\":\"2026-04-28T18:50:15+00:00\",\"description\":\"En retrait de la civilisation, le vignoble du Devois des Agneaux est \u00e9tabli sur de superbes coteaux de calcaire dur. Pour sublimer ce terroir d\u2019exception, des c\u00e9pages rouges hautement qualitatifs et adapt\u00e9s \u00e0 ces conditions m\u00e9diterran\u00e9ennes, tels que la Syrah et le Grenache, ont \u00e9t\u00e9 choisis.\",\"breadcrumb\":{\"@id\":\"https:\/\/www.vignobles-jeanjean.com\/?page_id=664#breadcrumb\"},\"inLanguage\":\"fr-FR\",\"potentialAction\":[{\"@type\":\"ReadAction\",\"target\":[\"https:\/\/www.vignobles-jeanjean.com\/?page_id=664\"]}]},{\"@type\":\"BreadcrumbList\",\"@id\":\"https:\/\/www.vignobles-jeanjean.com\/?page_id=664#breadcrumb\",\"itemListElement\":[{\"@type\":\"ListItem\",\"position\":1,\"name\":\"Home\",\"item\":\"https:\/\/www.vignobles-jeanjean.com\/\"},{\"@type\":\"ListItem\",\"position\":2,\"name\":\"DEVOIS DES AGNEAUX D&rsquo;AUMELAS\"}]},{\"@type\":\"WebSite\",\"@id\":\"https:\/\/www.vignobles-jeanjean.com\/#website\",\"url\":\"https:\/\/www.vignobles-jeanjean.com\/\",\"name\":\"Vignobles Jeanjean\",\"description\":\"\",\"publisher\":{\"@id\":\"https:\/\/www.vignobles-jeanjean.com\/#organization\"},\"potentialAction\":[{\"@type\":\"SearchAction\",\"target\":{\"@type\":\"EntryPoint\",\"urlTemplate\":\"https:\/\/www.vignobles-jeanjean.com\/?s={search_term_string}\"},\"query-input\":\"required name=search_term_string\"}],\"inLanguage\":\"fr-FR\"},{\"@type\":\"Organization\",\"@id\":\"https:\/\/www.vignobles-jeanjean.com\/#organization\",\"name\":\"Vignobles Jeanjean\",\"url\":\"https:\/\/www.vignobles-jeanjean.com\/\",\"logo\":{\"@type\":\"ImageObject\",\"inLanguage\":\"fr-FR\",\"@id\":\"https:\/\/www.vignobles-jeanjean.com\/#\/schema\/logo\/image\/\",\"url\":\"https:\/\/www.vignobles-jeanjean.com\/wp-content\/uploads\/2021\/07\/VJJ.png\",\"contentUrl\":\"https:\/\/www.vignobles-jeanjean.com\/wp-content\/uploads\/2021\/07\/VJJ.png\",\"width\":683,\"height\":255,\"caption\":\"Vignobles Jeanjean\"},\"image\":{\"@id\":\"https:\/\/www.vignobles-jeanjean.com\/#\/schema\/logo\/image\/\"}}]}<\/script>\n<!-- \/ Yoast SEO plugin. -->","yoast_head_json":{"title":"DEVOIS DES AGNEAUX D'AUMELAS - Vignobles Jeanjean","description":"En retrait de la civilisation, le vignoble du Devois des Agneaux est \u00e9tabli sur de superbes coteaux de calcaire dur. Pour sublimer ce terroir d\u2019exception, des c\u00e9pages rouges hautement qualitatifs et adapt\u00e9s \u00e0 ces conditions m\u00e9diterran\u00e9ennes, tels que la Syrah et le Grenache, ont \u00e9t\u00e9 choisis.","robots":{"index":"index","follow":"follow","max-snippet":"max-snippet:-1","max-image-preview":"max-image-preview:large","max-video-preview":"max-video-preview:-1"},"canonical":"https:\/\/www.vignobles-jeanjean.com\/?page_id=664","og_locale":"fr_FR","og_type":"article","og_title":"DEVOIS DES AGNEAUX D'AUMELAS - Vignobles Jeanjean","og_description":"En retrait de la civilisation, le vignoble du Devois des Agneaux est \u00e9tabli sur de superbes coteaux de calcaire dur. Pour sublimer ce terroir d\u2019exception, des c\u00e9pages rouges hautement qualitatifs et adapt\u00e9s \u00e0 ces conditions m\u00e9diterran\u00e9ennes, tels que la Syrah et le Grenache, ont \u00e9t\u00e9 choisis.","og_url":"https:\/\/www.vignobles-jeanjean.com\/?page_id=664","og_site_name":"Vignobles Jeanjean","article_modified_time":"2026-04-28T18:50:15+00:00","og_image":[{"url":"https:\/\/www.vignobles-jeanjean.com\/wp-content\/uploads\/2023\/03\/header-DEVOIS-FT-QUABLE-B-1536x372.png"}],"twitter_card":"summary_large_image","twitter_misc":{"Dur\u00e9e de lecture estim\u00e9e":"2 minutes"},"schema":{"@context":"https:\/\/schema.org","@graph":[{"@type":"WebPage","@id":"https:\/\/www.vignobles-jeanjean.com\/?page_id=664","url":"https:\/\/www.vignobles-jeanjean.com\/?page_id=664","name":"DEVOIS DES AGNEAUX D'AUMELAS - Vignobles Jeanjean","isPartOf":{"@id":"https:\/\/www.vignobles-jeanjean.com\/#website"},"datePublished":"2021-05-19T11:46:16+00:00","dateModified":"2026-04-28T18:50:15+00:00","description":"En retrait de la civilisation, le vignoble du Devois des Agneaux est \u00e9tabli sur de superbes coteaux de calcaire dur. Pour sublimer ce terroir d\u2019exception, des c\u00e9pages rouges hautement qualitatifs et adapt\u00e9s \u00e0 ces conditions m\u00e9diterran\u00e9ennes, tels que la Syrah et le Grenache, ont \u00e9t\u00e9 choisis.","breadcrumb":{"@id":"https:\/\/www.vignobles-jeanjean.com\/?page_id=664#breadcrumb"},"inLanguage":"fr-FR","potentialAction":[{"@type":"ReadAction","target":["https:\/\/www.vignobles-jeanjean.com\/?page_id=664"]}]},{"@type":"BreadcrumbList","@id":"https:\/\/www.vignobles-jeanjean.com\/?page_id=664#breadcrumb","itemListElement":[{"@type":"ListItem","position":1,"name":"Home","item":"https:\/\/www.vignobles-jeanjean.com\/"},{"@type":"ListItem","position":2,"name":"DEVOIS DES AGNEAUX D&rsquo;AUMELAS"}]},{"@type":"WebSite","@id":"https:\/\/www.vignobles-jeanjean.com\/#website","url":"https:\/\/www.vignobles-jeanjean.com\/","name":"Vignobles Jeanjean","description":"","publisher":{"@id":"https:\/\/www.vignobles-jeanjean.com\/#organization"},"potentialAction":[{"@type":"SearchAction","target":{"@type":"EntryPoint","urlTemplate":"https:\/\/www.vignobles-jeanjean.com\/?s={search_term_string}"},"query-input":"required name=search_term_string"}],"inLanguage":"fr-FR"},{"@type":"Organization","@id":"https:\/\/www.vignobles-jeanjean.com\/#organization","name":"Vignobles Jeanjean","url":"https:\/\/www.vignobles-jeanjean.com\/","logo":{"@type":"ImageObject","inLanguage":"fr-FR","@id":"https:\/\/www.vignobles-jeanjean.com\/#\/schema\/logo\/image\/","url":"https:\/\/www.vignobles-jeanjean.com\/wp-content\/uploads\/2021\/07\/VJJ.png","contentUrl":"https:\/\/www.vignobles-jeanjean.com\/wp-content\/uploads\/2021\/07\/VJJ.png","width":683,"height":255,"caption":"Vignobles Jeanjean"},"image":{"@id":"https:\/\/www.vignobles-jeanjean.com\/#\/schema\/logo\/image\/"}}]}},"_links":{"self":[{"href":"https:\/\/www.vignobles-jeanjean.com\/index.php?rest_route=\/wp\/v2\/pages\/664","targetHints":{"allow":["GET"]}}],"collection":[{"href":"https:\/\/www.vignobles-jeanjean.com\/index.php?rest_route=\/wp\/v2\/pages"}],"about":[{"href":"https:\/\/www.vignobles-jeanjean.com\/index.php?rest_route=\/wp\/v2\/types\/page"}],"author":[{"embeddable":true,"href":"https:\/\/www.vignobles-jeanjean.com\/index.php?rest_route=\/wp\/v2\/users\/1"}],"replies":[{"embeddable":true,"href":"https:\/\/www.vignobles-jeanjean.com\/index.php?rest_route=%2Fwp%2Fv2%2Fcomments&post=664"}],"version-history":[{"count":87,"href":"https:\/\/www.vignobles-jeanjean.com\/index.php?rest_route=\/wp\/v2\/pages\/664\/revisions"}],"predecessor-version":[{"id":4750,"href":"https:\/\/www.vignobles-jeanjean.com\/index.php?rest_route=\/wp\/v2\/pages\/664\/revisions\/4750"}],"wp:attachment":[{"href":"https:\/\/www.vignobles-jeanjean.com\/index.php?rest_route=%2Fwp%2Fv2%2Fmedia&parent=664"}],"curies":[{"name":"wp","href":"https:\/\/api.w.org\/{rel}","templated":true}]}}