{"id":629,"date":"2021-05-19T09:03:06","date_gmt":"2021-05-19T09:03:06","guid":{"rendered":"http:\/\/advini-jeanjean-wp.projets-preprod.com\/?page_id=629"},"modified":"2025-05-19T12:04:55","modified_gmt":"2025-05-19T12:04:55","slug":"mas-neuf","status":"publish","type":"page","link":"https:\/\/www.vignobles-jeanjean.com\/?page_id=629","title":{"rendered":"MAS NEUF"},"content":{"rendered":"\t\t<div data-elementor-type=\"wp-page\" data-elementor-id=\"629\" class=\"elementor elementor-629\" data-elementor-settings=\"[]\">\n\t\t\t\t\t\t\t<div class=\"elementor-section-wrap\">\n\t\t\t\t\t\t\t<section class=\"elementor-section elementor-top-section elementor-element elementor-element-f72a1fb elementor-section-full_width elementor-section-height-default elementor-section-height-default\" data-id=\"f72a1fb\" data-element_type=\"section\">\n\t\t\t\t\t\t<div class=\"elementor-container elementor-column-gap-no\">\n\t\t\t\t\t<div class=\"elementor-column elementor-col-100 elementor-top-column elementor-element elementor-element-14e99cf\" data-id=\"14e99cf\" data-element_type=\"column\">\n\t\t\t<div class=\"elementor-widget-wrap elementor-element-populated\">\n\t\t\t\t\t\t\t\t<div class=\"elementor-element elementor-element-a5601c8 elementor-widget elementor-widget-image\" data-id=\"a5601c8\" data-element_type=\"widget\" data-widget_type=\"image.default\">\n\t\t\t\t<div class=\"elementor-widget-container\">\n\t\t\t\t\t\t\t\t\t\t\t\t\t\t\t<img loading=\"lazy\" decoding=\"async\" width=\"1536\" height=\"372\" src=\"https:\/\/www.vignobles-jeanjean.com\/wp-content\/uploads\/2025\/05\/Design-sans-titre-2025-05-16T155655.094-1536x372.png\" class=\"attachment-1536x1536 size-1536x1536\" alt=\"\" srcset=\"https:\/\/www.vignobles-jeanjean.com\/wp-content\/uploads\/2025\/05\/Design-sans-titre-2025-05-16T155655.094-1536x372.png 1536w, https:\/\/www.vignobles-jeanjean.com\/wp-content\/uploads\/2025\/05\/Design-sans-titre-2025-05-16T155655.094-300x73.png 300w, https:\/\/www.vignobles-jeanjean.com\/wp-content\/uploads\/2025\/05\/Design-sans-titre-2025-05-16T155655.094-1024x248.png 1024w, https:\/\/www.vignobles-jeanjean.com\/wp-content\/uploads\/2025\/05\/Design-sans-titre-2025-05-16T155655.094-768x186.png 768w, https:\/\/www.vignobles-jeanjean.com\/wp-content\/uploads\/2025\/05\/Design-sans-titre-2025-05-16T155655.094-2048x495.png 2048w\" sizes=\"auto, (max-width: 1536px) 100vw, 1536px\" \/>\t\t\t\t\t\t\t\t\t\t\t\t\t\t\t<\/div>\n\t\t\t\t<\/div>\n\t\t\t\t\t<\/div>\n\t\t<\/div>\n\t\t\t\t\t\t\t<\/div>\n\t\t<\/section>\n\t\t\t\t<section class=\"elementor-section elementor-top-section elementor-element elementor-element-87b54d4 elementor-section-boxed elementor-section-height-default elementor-section-height-default\" data-id=\"87b54d4\" data-element_type=\"section\">\n\t\t\t\t\t\t<div class=\"elementor-container elementor-column-gap-default\">\n\t\t\t\t\t<div class=\"elementor-column elementor-col-100 elementor-top-column elementor-element elementor-element-0577120\" data-id=\"0577120\" data-element_type=\"column\">\n\t\t\t<div class=\"elementor-widget-wrap elementor-element-populated\">\n\t\t\t\t\t\t\t\t<section class=\"elementor-section elementor-inner-section elementor-element elementor-element-e47278d elementor-section-boxed elementor-section-height-default elementor-section-height-default\" data-id=\"e47278d\" data-element_type=\"section\">\n\t\t\t\t\t\t<div class=\"elementor-container elementor-column-gap-default\">\n\t\t\t\t\t<div class=\"elementor-column elementor-col-50 elementor-inner-column elementor-element elementor-element-d8383cc\" data-id=\"d8383cc\" data-element_type=\"column\" id=\"domaine-contents\">\n\t\t\t<div class=\"elementor-widget-wrap elementor-element-populated\">\n\t\t\t\t\t\t\t\t<div class=\"elementor-element elementor-element-1865734 elementor-widget elementor-widget-heading\" data-id=\"1865734\" data-element_type=\"widget\" id=\"underline\" data-widget_type=\"heading.default\">\n\t\t\t\t<div class=\"elementor-widget-container\">\n\t\t\t<h4 class=\"elementor-heading-title elementor-size-default\">DOMAINE DU MAS NEUF<\/h4>\t\t<\/div>\n\t\t\t\t<\/div>\n\t\t\t\t<div class=\"elementor-element elementor-element-d96fcdd elementor-widget elementor-widget-text-editor\" data-id=\"d96fcdd\" data-element_type=\"widget\" data-widget_type=\"text-editor.default\">\n\t\t\t\t<div class=\"elementor-widget-container\">\n\t\t\t\t\t\t\t\t<p>L&#8217;ART DE L&#8217;INNOVATION<\/p><p>Le Mas Neuf est une propri\u00e9t\u00e9 acquise en 1994, situ\u00e9e \u00e0 2 pas de la plage des aresquiers, au pied du massif de Vic la Gardiole. Elle n\u2019\u00e9tait plant\u00e9e alors que du c\u00e9page Muscat Petits Grains, et produisait des vins doux naturels. Les fr\u00e8res Jeanjean ont entam\u00e9 une transformation en profondeur du domaine, pour \u00e9laborer des vins plus en phase avec les demandes des consommateurs, une r\u00e9volution men\u00e9e tambour battant par Matthieu Carliez depuis 10 ans. Nouveaux c\u00e9pages, nouvelle cuverie, \u2026 depuis quelques ann\u00e9es, le Mas Neuf produit des vins blancs secs et ros\u00e9s au profil unique, avec cette touche si particuli\u00e8re dans les assemblages du Muscat petit grains.<\/p>\t\t\t\t\t\t<\/div>\n\t\t\t\t<\/div>\n\t\t\t\t<div class=\"elementor-element elementor-element-e7b098d elementor-widget elementor-widget-text-editor\" data-id=\"e7b098d\" data-element_type=\"widget\" data-widget_type=\"text-editor.default\">\n\t\t\t\t<div class=\"elementor-widget-container\">\n\t\t\t\t\t\t\t\t<p>L&#8217;EQUILIBRE PARFAIT<\/p><p>Le terroir du Mas Neuf rassemble tous les facteurs favorables \u00e0 l&#8217;\u00e9laboration de grands vins de muscat : un climat sec et chaud, le vent marin qui temp\u00e8re les ardeurs solaires estivales, des sols pierreux, naturellement drain\u00e9s&#8230;<\/p>\t\t\t\t\t\t<\/div>\n\t\t\t\t<\/div>\n\t\t\t\t<div class=\"elementor-element elementor-element-26d7bde elementor-align-center elementor-widget elementor-widget-button\" data-id=\"26d7bde\" data-element_type=\"widget\" data-widget_type=\"button.default\">\n\t\t\t\t<div class=\"elementor-widget-container\">\n\t\t\t\t\t<div class=\"elementor-button-wrapper\">\n\t\t\t<a href=\"https:\/\/boutique.vignobles-jeanjean.com\/les-domaines-des-vignobles-jeanjean\/mas-neuf.html\" class=\"elementor-button-link elementor-button elementor-size-lg\" role=\"button\">\n\t\t\t\t\t\t<span class=\"elementor-button-content-wrapper\">\n\t\t\t\t\t\t<span class=\"elementor-button-icon elementor-align-icon-left\">\n\t\t\t\t<i aria-hidden=\"true\" class=\"fas fa-shopping-cart\"><\/i>\t\t\t<\/span>\n\t\t\t\t\t\t<span class=\"elementor-button-text\">Acheter en ligne<\/span>\n\t\t<\/span>\n\t\t\t\t\t<\/a>\n\t\t<\/div>\n\t\t\t\t<\/div>\n\t\t\t\t<\/div>\n\t\t\t\t\t<\/div>\n\t\t<\/div>\n\t\t\t\t<div class=\"elementor-column elementor-col-50 elementor-inner-column elementor-element elementor-element-d630879\" data-id=\"d630879\" data-element_type=\"column\">\n\t\t\t<div class=\"elementor-widget-wrap elementor-element-populated\">\n\t\t\t\t\t\t\t\t<div class=\"elementor-element elementor-element-0b9afb6 elementor-widget elementor-widget-text-editor\" data-id=\"0b9afb6\" data-element_type=\"widget\" data-widget_type=\"text-editor.default\">\n\t\t\t\t<div class=\"elementor-widget-container\">\n\t\t\t\t\t\t\t\t<h5>SURFACE<\/h5><p>30 hectares<\/p>\t\t\t\t\t\t<\/div>\n\t\t\t\t<\/div>\n\t\t\t\t<div class=\"elementor-element elementor-element-3dcbf1c elementor-widget elementor-widget-text-editor\" data-id=\"3dcbf1c\" data-element_type=\"widget\" data-widget_type=\"text-editor.default\">\n\t\t\t\t<div class=\"elementor-widget-container\">\n\t\t\t\t\t\t\t\t<h5>ALTITUDE<\/h5><p>Proche du niveau de la mer<\/p>\t\t\t\t\t\t<\/div>\n\t\t\t\t<\/div>\n\t\t\t\t<div class=\"elementor-element elementor-element-9ef5915 elementor-widget elementor-widget-text-editor\" data-id=\"9ef5915\" data-element_type=\"widget\" data-widget_type=\"text-editor.default\">\n\t\t\t\t<div class=\"elementor-widget-container\">\n\t\t\t\t\t\t\t\t<h5>SOL<\/h5><p>Argiles rouges plus ou moins caillouteux sur socle calcaire.<\/p>\t\t\t\t\t\t<\/div>\n\t\t\t\t<\/div>\n\t\t\t\t<div class=\"elementor-element elementor-element-9d72ea7 elementor-widget elementor-widget-text-editor\" data-id=\"9d72ea7\" data-element_type=\"widget\" data-widget_type=\"text-editor.default\">\n\t\t\t\t<div class=\"elementor-widget-container\">\n\t\t\t\t\t\t\t\t<h5>TYPICITE<\/h5><p>Vaste panoplie aromatique du muscat petits grains. Fruits frais, belle fra\u00eecheur.<\/p>\t\t\t\t\t\t<\/div>\n\t\t\t\t<\/div>\n\t\t\t\t<div class=\"elementor-element elementor-element-20bbce4 elementor-widget elementor-widget-text-editor\" data-id=\"20bbce4\" data-element_type=\"widget\" data-widget_type=\"text-editor.default\">\n\t\t\t\t<div class=\"elementor-widget-container\">\n\t\t\t\t\t\t\t\t<h5>CEPAGES<\/h5><p>Muscat petits grains, colombard, vermentino, sauvignon blanc<\/p>\t\t\t\t\t\t<\/div>\n\t\t\t\t<\/div>\n\t\t\t\t<div class=\"elementor-element elementor-element-065ba26 elementor-widget elementor-widget-text-editor\" data-id=\"065ba26\" data-element_type=\"widget\" data-widget_type=\"text-editor.default\">\n\t\t\t\t<div class=\"elementor-widget-container\">\n\t\t\t\t\t\t\t\t<h5>APPELLATION<\/h5><p>IGP Pays d&#8217;Oc<\/p><p>Vin de France<\/p>\t\t\t\t\t\t<\/div>\n\t\t\t\t<\/div>\n\t\t\t\t<div class=\"elementor-element elementor-element-8ebeeb5 elementor-widget elementor-widget-text-editor\" data-id=\"8ebeeb5\" data-element_type=\"widget\" data-widget_type=\"text-editor.default\">\n\t\t\t\t<div class=\"elementor-widget-container\">\n\t\t\t\t\t\t\t\t<h5>CERTIFICATIONS<\/h5><p>\u00a0<\/p>\t\t\t\t\t\t<\/div>\n\t\t\t\t<\/div>\n\t\t\t\t<div class=\"elementor-element elementor-element-cccaa6c elementor-widget elementor-widget-image\" data-id=\"cccaa6c\" data-element_type=\"widget\" id=\"s-image\" data-widget_type=\"image.default\">\n\t\t\t\t<div class=\"elementor-widget-container\">\n\t\t\t\t\t\t\t\t\t\t\t\t\t\t\t<img loading=\"lazy\" decoding=\"async\" width=\"500\" height=\"333\" src=\"https:\/\/www.vignobles-jeanjean.com\/wp-content\/uploads\/2021\/05\/EU_Organic_Logo_Colour_rgb.jpg\" class=\"attachment-full size-full\" alt=\"bio\" srcset=\"https:\/\/www.vignobles-jeanjean.com\/wp-content\/uploads\/2021\/05\/EU_Organic_Logo_Colour_rgb.jpg 500w, https:\/\/www.vignobles-jeanjean.com\/wp-content\/uploads\/2021\/05\/EU_Organic_Logo_Colour_rgb-300x200.jpg 300w\" sizes=\"auto, (max-width: 500px) 100vw, 500px\" \/>\t\t\t\t\t\t\t\t\t\t\t\t\t\t\t<\/div>\n\t\t\t\t<\/div>\n\t\t\t\t<div class=\"elementor-element elementor-element-23d43d8 elementor-widget elementor-widget-image\" data-id=\"23d43d8\" data-element_type=\"widget\" id=\"s-image\" data-widget_type=\"image.default\">\n\t\t\t\t<div class=\"elementor-widget-container\">\n\t\t\t\t\t\t\t\t\t\t\t\t\t\t\t<img loading=\"lazy\" decoding=\"async\" width=\"225\" height=\"225\" src=\"https:\/\/www.vignobles-jeanjean.com\/wp-content\/uploads\/2021\/05\/LOGO-HVE.png\" class=\"attachment-full size-full\" alt=\"\" srcset=\"https:\/\/www.vignobles-jeanjean.com\/wp-content\/uploads\/2021\/05\/LOGO-HVE.png 225w, https:\/\/www.vignobles-jeanjean.com\/wp-content\/uploads\/2021\/05\/LOGO-HVE-150x150.png 150w\" sizes=\"auto, (max-width: 225px) 100vw, 225px\" \/>\t\t\t\t\t\t\t\t\t\t\t\t\t\t\t<\/div>\n\t\t\t\t<\/div>\n\t\t\t\t\t<\/div>\n\t\t<\/div>\n\t\t\t\t\t\t\t<\/div>\n\t\t<\/section>\n\t\t\t\t\t<\/div>\n\t\t<\/div>\n\t\t\t\t\t\t\t<\/div>\n\t\t<\/section>\n\t\t\t\t<section class=\"elementor-section elementor-top-section elementor-element elementor-element-ba84be6 elementor-section-boxed elementor-section-height-default elementor-section-height-default\" data-id=\"ba84be6\" data-element_type=\"section\" id=\"wins\">\n\t\t\t\t\t\t<div class=\"elementor-container elementor-column-gap-default\">\n\t\t\t\t\t<div class=\"elementor-column elementor-col-100 elementor-top-column elementor-element elementor-element-17ec7cc\" data-id=\"17ec7cc\" data-element_type=\"column\" id=\"single-win\">\n\t\t\t<div class=\"elementor-widget-wrap elementor-element-populated\">\n\t\t\t\t\t\t\t\t<div class=\"elementor-element elementor-element-580f183 elementor-posts--align-center elementor-grid-3 elementor-grid-tablet-2 elementor-grid-mobile-1 elementor-posts--thumbnail-top elementor-widget elementor-widget-posts\" data-id=\"580f183\" data-element_type=\"widget\" data-settings=\"{&quot;classic_columns&quot;:&quot;3&quot;,&quot;classic_columns_tablet&quot;:&quot;2&quot;,&quot;classic_columns_mobile&quot;:&quot;1&quot;,&quot;classic_row_gap&quot;:{&quot;unit&quot;:&quot;px&quot;,&quot;size&quot;:35,&quot;sizes&quot;:[]}}\" data-widget_type=\"posts.classic\">\n\t\t\t\t<div class=\"elementor-widget-container\">\n\t\t\t\t\t<div class=\"elementor-posts-container elementor-posts elementor-posts--skin-classic elementor-grid\">\n\t\t\t\t<article class=\"elementor-post elementor-grid-item post-637 win type-win status-publish has-post-thumbnail hentry category-mas-neuf\">\n\t\t\t\t<a class=\"elementor-post__thumbnail__link\" href=\"https:\/\/www.vignobles-jeanjean.com\/?win=l-inedit-vin-blanc-moelleux\" >\n\t\t\t<div class=\"elementor-post__thumbnail\"><img loading=\"lazy\" decoding=\"async\" width=\"900\" height=\"2040\" src=\"https:\/\/www.vignobles-jeanjean.com\/wp-content\/uploads\/2021\/05\/Design-sans-titre-2025-05-16T160529.803.png\" class=\"attachment-full size-full\" alt=\"\" srcset=\"https:\/\/www.vignobles-jeanjean.com\/wp-content\/uploads\/2021\/05\/Design-sans-titre-2025-05-16T160529.803.png 900w, https:\/\/www.vignobles-jeanjean.com\/wp-content\/uploads\/2021\/05\/Design-sans-titre-2025-05-16T160529.803-132x300.png 132w, https:\/\/www.vignobles-jeanjean.com\/wp-content\/uploads\/2021\/05\/Design-sans-titre-2025-05-16T160529.803-452x1024.png 452w, https:\/\/www.vignobles-jeanjean.com\/wp-content\/uploads\/2021\/05\/Design-sans-titre-2025-05-16T160529.803-768x1741.png 768w, https:\/\/www.vignobles-jeanjean.com\/wp-content\/uploads\/2021\/05\/Design-sans-titre-2025-05-16T160529.803-678x1536.png 678w\" sizes=\"auto, (max-width: 900px) 100vw, 900px\" \/><\/div>\n\t\t<\/a>\n\t\t\t\t<div class=\"elementor-post__text\">\n\t\t\t\t<h3 class=\"elementor-post__title\">\n\t\t\t<a href=\"https:\/\/www.vignobles-jeanjean.com\/?win=l-inedit-vin-blanc-moelleux\" >\n\t\t\t\tL&#8217;INEDIT\t\t\t<\/a>\n\t\t<\/h3>\n\t\t\t\t<\/div>\n\t\t\t\t<\/article>\n\t\t\t\t<article class=\"elementor-post elementor-grid-item post-3020 win type-win status-publish has-post-thumbnail hentry category-mas-neuf\">\n\t\t\t\t<a class=\"elementor-post__thumbnail__link\" href=\"https:\/\/www.vignobles-jeanjean.com\/?win=l-inedit-rose-moelleux\" >\n\t\t\t<div class=\"elementor-post__thumbnail\"><img loading=\"lazy\" decoding=\"async\" width=\"900\" height=\"2040\" src=\"https:\/\/www.vignobles-jeanjean.com\/wp-content\/uploads\/2023\/03\/Design-sans-titre-2025-05-16T160726.128.png\" class=\"attachment-full size-full\" alt=\"\" srcset=\"https:\/\/www.vignobles-jeanjean.com\/wp-content\/uploads\/2023\/03\/Design-sans-titre-2025-05-16T160726.128.png 900w, https:\/\/www.vignobles-jeanjean.com\/wp-content\/uploads\/2023\/03\/Design-sans-titre-2025-05-16T160726.128-132x300.png 132w, https:\/\/www.vignobles-jeanjean.com\/wp-content\/uploads\/2023\/03\/Design-sans-titre-2025-05-16T160726.128-452x1024.png 452w, https:\/\/www.vignobles-jeanjean.com\/wp-content\/uploads\/2023\/03\/Design-sans-titre-2025-05-16T160726.128-768x1741.png 768w, https:\/\/www.vignobles-jeanjean.com\/wp-content\/uploads\/2023\/03\/Design-sans-titre-2025-05-16T160726.128-678x1536.png 678w\" sizes=\"auto, (max-width: 900px) 100vw, 900px\" \/><\/div>\n\t\t<\/a>\n\t\t\t\t<div class=\"elementor-post__text\">\n\t\t\t\t<h3 class=\"elementor-post__title\">\n\t\t\t<a href=\"https:\/\/www.vignobles-jeanjean.com\/?win=l-inedit-rose-moelleux\" >\n\t\t\t\tL&#8217;INEDIT ROSE\t\t\t<\/a>\n\t\t<\/h3>\n\t\t\t\t<\/div>\n\t\t\t\t<\/article>\n\t\t\t\t<article class=\"elementor-post elementor-grid-item post-4465 win type-win status-publish has-post-thumbnail hentry category-mas-neuf\">\n\t\t\t\t<a class=\"elementor-post__thumbnail__link\" href=\"https:\/\/www.vignobles-jeanjean.com\/?win=l-inedit-pet-nat\" >\n\t\t\t<div class=\"elementor-post__thumbnail\"><img loading=\"lazy\" decoding=\"async\" width=\"900\" height=\"2040\" src=\"https:\/\/www.vignobles-jeanjean.com\/wp-content\/uploads\/2025\/05\/Design-sans-titre-2025-05-19T095152.415.png\" class=\"attachment-full size-full\" alt=\"L&#039;In\u00e9dit Pet Nat - Domaine du Mas NEuf\" srcset=\"https:\/\/www.vignobles-jeanjean.com\/wp-content\/uploads\/2025\/05\/Design-sans-titre-2025-05-19T095152.415.png 900w, https:\/\/www.vignobles-jeanjean.com\/wp-content\/uploads\/2025\/05\/Design-sans-titre-2025-05-19T095152.415-132x300.png 132w, https:\/\/www.vignobles-jeanjean.com\/wp-content\/uploads\/2025\/05\/Design-sans-titre-2025-05-19T095152.415-452x1024.png 452w, https:\/\/www.vignobles-jeanjean.com\/wp-content\/uploads\/2025\/05\/Design-sans-titre-2025-05-19T095152.415-768x1741.png 768w, https:\/\/www.vignobles-jeanjean.com\/wp-content\/uploads\/2025\/05\/Design-sans-titre-2025-05-19T095152.415-678x1536.png 678w\" sizes=\"auto, (max-width: 900px) 100vw, 900px\" \/><\/div>\n\t\t<\/a>\n\t\t\t\t<div class=\"elementor-post__text\">\n\t\t\t\t<h3 class=\"elementor-post__title\">\n\t\t\t<a href=\"https:\/\/www.vignobles-jeanjean.com\/?win=l-inedit-pet-nat\" >\n\t\t\t\tL&#8217;INEDIT PET NAT\t\t\t<\/a>\n\t\t<\/h3>\n\t\t\t\t<\/div>\n\t\t\t\t<\/article>\n\t\t\t\t<article class=\"elementor-post elementor-grid-item post-3029 win type-win status-publish has-post-thumbnail hentry category-mas-neuf\">\n\t\t\t\t<a class=\"elementor-post__thumbnail__link\" href=\"https:\/\/www.vignobles-jeanjean.com\/?win=la-terrienne-blanc\" >\n\t\t\t<div class=\"elementor-post__thumbnail\"><img loading=\"lazy\" decoding=\"async\" width=\"900\" height=\"2040\" src=\"https:\/\/www.vignobles-jeanjean.com\/wp-content\/uploads\/2023\/03\/Design-sans-titre-2025-05-19T095905.912.png\" class=\"attachment-full size-full\" alt=\"\" srcset=\"https:\/\/www.vignobles-jeanjean.com\/wp-content\/uploads\/2023\/03\/Design-sans-titre-2025-05-19T095905.912.png 900w, https:\/\/www.vignobles-jeanjean.com\/wp-content\/uploads\/2023\/03\/Design-sans-titre-2025-05-19T095905.912-132x300.png 132w, https:\/\/www.vignobles-jeanjean.com\/wp-content\/uploads\/2023\/03\/Design-sans-titre-2025-05-19T095905.912-452x1024.png 452w, https:\/\/www.vignobles-jeanjean.com\/wp-content\/uploads\/2023\/03\/Design-sans-titre-2025-05-19T095905.912-768x1741.png 768w, https:\/\/www.vignobles-jeanjean.com\/wp-content\/uploads\/2023\/03\/Design-sans-titre-2025-05-19T095905.912-678x1536.png 678w\" sizes=\"auto, (max-width: 900px) 100vw, 900px\" \/><\/div>\n\t\t<\/a>\n\t\t\t\t<div class=\"elementor-post__text\">\n\t\t\t\t<h3 class=\"elementor-post__title\">\n\t\t\t<a href=\"https:\/\/www.vignobles-jeanjean.com\/?win=la-terrienne-blanc\" >\n\t\t\t\tLA TERRIENNE\t\t\t<\/a>\n\t\t<\/h3>\n\t\t\t\t<\/div>\n\t\t\t\t<\/article>\n\t\t\t\t<\/div>\n\t\t\t\t<\/div>\n\t\t\t\t<\/div>\n\t\t\t\t\t<\/div>\n\t\t<\/div>\n\t\t\t\t\t\t\t<\/div>\n\t\t<\/section>\n\t\t\t\t<section class=\"elementor-section elementor-top-section elementor-element elementor-element-b18325d elementor-section-boxed elementor-section-height-default elementor-section-height-default\" data-id=\"b18325d\" data-element_type=\"section\">\n\t\t\t\t\t\t<div class=\"elementor-container elementor-column-gap-default\">\n\t\t\t\t\t<div class=\"elementor-column elementor-col-100 elementor-top-column elementor-element elementor-element-b132f05\" data-id=\"b132f05\" data-element_type=\"column\">\n\t\t\t<div class=\"elementor-widget-wrap elementor-element-populated\">\n\t\t\t\t\t\t\t\t<div class=\"elementor-element elementor-element-f2f862d elementor-skin-carousel elementor-arrows-yes elementor-pagination-type-bullets elementor-pagination-position-outside elementor-widget elementor-widget-media-carousel\" data-id=\"f2f862d\" data-element_type=\"widget\" data-settings=\"{&quot;skin&quot;:&quot;carousel&quot;,&quot;effect&quot;:&quot;slide&quot;,&quot;show_arrows&quot;:&quot;yes&quot;,&quot;pagination&quot;:&quot;bullets&quot;,&quot;speed&quot;:500,&quot;autoplay&quot;:&quot;yes&quot;,&quot;autoplay_speed&quot;:5000,&quot;loop&quot;:&quot;yes&quot;,&quot;pause_on_hover&quot;:&quot;yes&quot;,&quot;pause_on_interaction&quot;:&quot;yes&quot;,&quot;space_between&quot;:{&quot;unit&quot;:&quot;px&quot;,&quot;size&quot;:10,&quot;sizes&quot;:[]},&quot;space_between_tablet&quot;:{&quot;unit&quot;:&quot;px&quot;,&quot;size&quot;:10,&quot;sizes&quot;:[]},&quot;space_between_mobile&quot;:{&quot;unit&quot;:&quot;px&quot;,&quot;size&quot;:10,&quot;sizes&quot;:[]}}\" data-widget_type=\"media-carousel.default\">\n\t\t\t\t<div class=\"elementor-widget-container\">\n\t\t\t\t\t<div class=\"elementor-swiper\">\n\t\t\t<div class=\"elementor-main-swiper swiper-container\">\n\t\t\t\t<div class=\"swiper-wrapper\">\n\t\t\t\t\t\t\t\t\t\t\t<div class=\"swiper-slide\">\n\t\t\t\t\t\t\t\t\t<div class=\"elementor-carousel-image\" style=\"background-image: url(https:\/\/www.vignobles-jeanjean.com\/wp-content\/uploads\/2021\/07\/Sequence-05.00_00_05_09.Still003-scaled.jpg)\">\n\t\t\t\t\t<\/div>\n\t\t\t\t\t\t\t\t<\/div>\n\t\t\t\t\t\t\t\t\t\t\t<div class=\"swiper-slide\">\n\t\t\t\t\t\t\t\t\t<div class=\"elementor-carousel-image\" style=\"background-image: url(https:\/\/www.vignobles-jeanjean.com\/wp-content\/uploads\/2021\/07\/84181-J-scaled.jpg)\">\n\t\t\t\t\t<\/div>\n\t\t\t\t\t\t\t\t<\/div>\n\t\t\t\t\t\t\t\t\t\t\t<div class=\"swiper-slide\">\n\t\t\t\t\t\t\t\t\t<div class=\"elementor-carousel-image\" style=\"background-image: url(https:\/\/www.vignobles-jeanjean.com\/wp-content\/uploads\/2021\/07\/84169-J-Large.jpg)\">\n\t\t\t\t\t<\/div>\n\t\t\t\t\t\t\t\t<\/div>\n\t\t\t\t\t\t\t\t\t\t\t<div class=\"swiper-slide\">\n\t\t\t\t\t\t\t\t\t<div class=\"elementor-carousel-image\" style=\"background-image: url(https:\/\/www.vignobles-jeanjean.com\/wp-content\/uploads\/2021\/07\/275_7549-scaled.jpg)\">\n\t\t\t\t\t<\/div>\n\t\t\t\t\t\t\t\t<\/div>\n\t\t\t\t\t\t\t\t\t<\/div>\n\t\t\t\t\t\t\t\t\t\t\t\t\t\t\t<div class=\"swiper-pagination\"><\/div>\n\t\t\t\t\t\t\t\t\t\t\t\t\t\t\t\t<div class=\"elementor-swiper-button elementor-swiper-button-prev\">\n\t\t\t\t\t\t\t<i class=\"eicon-chevron-left\" aria-hidden=\"true\"><\/i>\n\t\t\t\t\t\t\t<span class=\"elementor-screen-only\">Pr\u00e9c\u00e9dent<\/span>\n\t\t\t\t\t\t<\/div>\n\t\t\t\t\t\t<div class=\"elementor-swiper-button elementor-swiper-button-next\">\n\t\t\t\t\t\t\t<i class=\"eicon-chevron-right\" aria-hidden=\"true\"><\/i>\n\t\t\t\t\t\t\t<span class=\"elementor-screen-only\">Suivant<\/span>\n\t\t\t\t\t\t<\/div>\n\t\t\t\t\t\t\t\t\t\t\t\t<\/div>\n\t\t<\/div>\n\t\t\t\t<\/div>\n\t\t\t\t<\/div>\n\t\t\t\t\t<\/div>\n\t\t<\/div>\n\t\t\t\t\t\t\t<\/div>\n\t\t<\/section>\n\t\t\t\t\t\t<\/div>\n\t\t\t\t\t<\/div>\n\t\t","protected":false},"excerpt":{"rendered":"<p>DOMAINE DU MAS NEUF L&#8217;ART DE L&#8217;INNOVATION Le Mas Neuf est une propri\u00e9t\u00e9 acquise en 1994, situ\u00e9e \u00e0 2 pas de la plage des aresquiers,<\/p>\n","protected":false},"author":1,"featured_media":0,"parent":0,"menu_order":0,"comment_status":"closed","ping_status":"closed","template":"","meta":{"footnotes":""},"class_list":["post-629","page","type-page","status-publish","hentry"],"yoast_head":"<!-- This site is optimized with the Yoast SEO plugin v20.4 - https:\/\/yoast.com\/wordpress\/plugins\/seo\/ -->\n<title>MAS NEUF - Vignobles Jeanjean<\/title>\n<meta name=\"description\" content=\"Le Mas Neuf est une propri\u00e9t\u00e9 acquise en 1994, situ\u00e9e \u00e0 2 pas de la plage des aresquiers, au pied du massif de Vic la Gardiole. Elle n\u2019\u00e9tait plant\u00e9e alors que du c\u00e9page Muscat Petits Grains, et produisait des vins doux naturels. Les fr\u00e8res Jeanjean ont entam\u00e9 une transformation en profondeur du domaine, pour \u00e9laborer des vins plus en phase avec les demandes des consommateurs, une r\u00e9volution men\u00e9e tambour battant par Matthieu Carliez depuis 10 ans.\" \/>\n<meta name=\"robots\" content=\"index, follow, max-snippet:-1, max-image-preview:large, max-video-preview:-1\" \/>\n<link rel=\"canonical\" href=\"https:\/\/www.vignobles-jeanjean.com\/?page_id=629\" \/>\n<meta property=\"og:locale\" content=\"fr_FR\" \/>\n<meta property=\"og:type\" content=\"article\" \/>\n<meta property=\"og:title\" content=\"MAS NEUF - Vignobles Jeanjean\" \/>\n<meta property=\"og:description\" content=\"Le Mas Neuf est une propri\u00e9t\u00e9 acquise en 1994, situ\u00e9e \u00e0 2 pas de la plage des aresquiers, au pied du massif de Vic la Gardiole. Elle n\u2019\u00e9tait plant\u00e9e alors que du c\u00e9page Muscat Petits Grains, et produisait des vins doux naturels. Les fr\u00e8res Jeanjean ont entam\u00e9 une transformation en profondeur du domaine, pour \u00e9laborer des vins plus en phase avec les demandes des consommateurs, une r\u00e9volution men\u00e9e tambour battant par Matthieu Carliez depuis 10 ans.\" \/>\n<meta property=\"og:url\" content=\"https:\/\/www.vignobles-jeanjean.com\/?page_id=629\" \/>\n<meta property=\"og:site_name\" content=\"Vignobles Jeanjean\" \/>\n<meta property=\"article:modified_time\" content=\"2025-05-19T12:04:55+00:00\" \/>\n<meta property=\"og:image\" content=\"https:\/\/www.vignobles-jeanjean.com\/wp-content\/uploads\/2025\/05\/Design-sans-titre-2025-05-16T155655.094-1536x372.png\" \/>\n<meta name=\"twitter:card\" content=\"summary_large_image\" \/>\n<meta name=\"twitter:label1\" content=\"Dur\u00e9e de lecture estim\u00e9e\" \/>\n\t<meta name=\"twitter:data1\" content=\"3 minutes\" \/>\n<script type=\"application\/ld+json\" class=\"yoast-schema-graph\">{\"@context\":\"https:\/\/schema.org\",\"@graph\":[{\"@type\":\"WebPage\",\"@id\":\"https:\/\/www.vignobles-jeanjean.com\/?page_id=629\",\"url\":\"https:\/\/www.vignobles-jeanjean.com\/?page_id=629\",\"name\":\"MAS NEUF - Vignobles Jeanjean\",\"isPartOf\":{\"@id\":\"https:\/\/www.vignobles-jeanjean.com\/#website\"},\"datePublished\":\"2021-05-19T09:03:06+00:00\",\"dateModified\":\"2025-05-19T12:04:55+00:00\",\"description\":\"Le Mas Neuf est une propri\u00e9t\u00e9 acquise en 1994, situ\u00e9e \u00e0 2 pas de la plage des aresquiers, au pied du massif de Vic la Gardiole. Elle n\u2019\u00e9tait plant\u00e9e alors que du c\u00e9page Muscat Petits Grains, et produisait des vins doux naturels. Les fr\u00e8res Jeanjean ont entam\u00e9 une transformation en profondeur du domaine, pour \u00e9laborer des vins plus en phase avec les demandes des consommateurs, une r\u00e9volution men\u00e9e tambour battant par Matthieu Carliez depuis 10 ans.\",\"breadcrumb\":{\"@id\":\"https:\/\/www.vignobles-jeanjean.com\/?page_id=629#breadcrumb\"},\"inLanguage\":\"fr-FR\",\"potentialAction\":[{\"@type\":\"ReadAction\",\"target\":[\"https:\/\/www.vignobles-jeanjean.com\/?page_id=629\"]}]},{\"@type\":\"BreadcrumbList\",\"@id\":\"https:\/\/www.vignobles-jeanjean.com\/?page_id=629#breadcrumb\",\"itemListElement\":[{\"@type\":\"ListItem\",\"position\":1,\"name\":\"Home\",\"item\":\"https:\/\/www.vignobles-jeanjean.com\/\"},{\"@type\":\"ListItem\",\"position\":2,\"name\":\"MAS NEUF\"}]},{\"@type\":\"WebSite\",\"@id\":\"https:\/\/www.vignobles-jeanjean.com\/#website\",\"url\":\"https:\/\/www.vignobles-jeanjean.com\/\",\"name\":\"Vignobles Jeanjean\",\"description\":\"\",\"publisher\":{\"@id\":\"https:\/\/www.vignobles-jeanjean.com\/#organization\"},\"potentialAction\":[{\"@type\":\"SearchAction\",\"target\":{\"@type\":\"EntryPoint\",\"urlTemplate\":\"https:\/\/www.vignobles-jeanjean.com\/?s={search_term_string}\"},\"query-input\":\"required name=search_term_string\"}],\"inLanguage\":\"fr-FR\"},{\"@type\":\"Organization\",\"@id\":\"https:\/\/www.vignobles-jeanjean.com\/#organization\",\"name\":\"Vignobles Jeanjean\",\"url\":\"https:\/\/www.vignobles-jeanjean.com\/\",\"logo\":{\"@type\":\"ImageObject\",\"inLanguage\":\"fr-FR\",\"@id\":\"https:\/\/www.vignobles-jeanjean.com\/#\/schema\/logo\/image\/\",\"url\":\"https:\/\/www.vignobles-jeanjean.com\/wp-content\/uploads\/2021\/07\/VJJ.png\",\"contentUrl\":\"https:\/\/www.vignobles-jeanjean.com\/wp-content\/uploads\/2021\/07\/VJJ.png\",\"width\":683,\"height\":255,\"caption\":\"Vignobles Jeanjean\"},\"image\":{\"@id\":\"https:\/\/www.vignobles-jeanjean.com\/#\/schema\/logo\/image\/\"}}]}<\/script>\n<!-- \/ Yoast SEO plugin. -->","yoast_head_json":{"title":"MAS NEUF - Vignobles Jeanjean","description":"Le Mas Neuf est une propri\u00e9t\u00e9 acquise en 1994, situ\u00e9e \u00e0 2 pas de la plage des aresquiers, au pied du massif de Vic la Gardiole. Elle n\u2019\u00e9tait plant\u00e9e alors que du c\u00e9page Muscat Petits Grains, et produisait des vins doux naturels. Les fr\u00e8res Jeanjean ont entam\u00e9 une transformation en profondeur du domaine, pour \u00e9laborer des vins plus en phase avec les demandes des consommateurs, une r\u00e9volution men\u00e9e tambour battant par Matthieu Carliez depuis 10 ans.","robots":{"index":"index","follow":"follow","max-snippet":"max-snippet:-1","max-image-preview":"max-image-preview:large","max-video-preview":"max-video-preview:-1"},"canonical":"https:\/\/www.vignobles-jeanjean.com\/?page_id=629","og_locale":"fr_FR","og_type":"article","og_title":"MAS NEUF - Vignobles Jeanjean","og_description":"Le Mas Neuf est une propri\u00e9t\u00e9 acquise en 1994, situ\u00e9e \u00e0 2 pas de la plage des aresquiers, au pied du massif de Vic la Gardiole. Elle n\u2019\u00e9tait plant\u00e9e alors que du c\u00e9page Muscat Petits Grains, et produisait des vins doux naturels. Les fr\u00e8res Jeanjean ont entam\u00e9 une transformation en profondeur du domaine, pour \u00e9laborer des vins plus en phase avec les demandes des consommateurs, une r\u00e9volution men\u00e9e tambour battant par Matthieu Carliez depuis 10 ans.","og_url":"https:\/\/www.vignobles-jeanjean.com\/?page_id=629","og_site_name":"Vignobles Jeanjean","article_modified_time":"2025-05-19T12:04:55+00:00","og_image":[{"url":"https:\/\/www.vignobles-jeanjean.com\/wp-content\/uploads\/2025\/05\/Design-sans-titre-2025-05-16T155655.094-1536x372.png"}],"twitter_card":"summary_large_image","twitter_misc":{"Dur\u00e9e de lecture estim\u00e9e":"3 minutes"},"schema":{"@context":"https:\/\/schema.org","@graph":[{"@type":"WebPage","@id":"https:\/\/www.vignobles-jeanjean.com\/?page_id=629","url":"https:\/\/www.vignobles-jeanjean.com\/?page_id=629","name":"MAS NEUF - Vignobles Jeanjean","isPartOf":{"@id":"https:\/\/www.vignobles-jeanjean.com\/#website"},"datePublished":"2021-05-19T09:03:06+00:00","dateModified":"2025-05-19T12:04:55+00:00","description":"Le Mas Neuf est une propri\u00e9t\u00e9 acquise en 1994, situ\u00e9e \u00e0 2 pas de la plage des aresquiers, au pied du massif de Vic la Gardiole. Elle n\u2019\u00e9tait plant\u00e9e alors que du c\u00e9page Muscat Petits Grains, et produisait des vins doux naturels. Les fr\u00e8res Jeanjean ont entam\u00e9 une transformation en profondeur du domaine, pour \u00e9laborer des vins plus en phase avec les demandes des consommateurs, une r\u00e9volution men\u00e9e tambour battant par Matthieu Carliez depuis 10 ans.","breadcrumb":{"@id":"https:\/\/www.vignobles-jeanjean.com\/?page_id=629#breadcrumb"},"inLanguage":"fr-FR","potentialAction":[{"@type":"ReadAction","target":["https:\/\/www.vignobles-jeanjean.com\/?page_id=629"]}]},{"@type":"BreadcrumbList","@id":"https:\/\/www.vignobles-jeanjean.com\/?page_id=629#breadcrumb","itemListElement":[{"@type":"ListItem","position":1,"name":"Home","item":"https:\/\/www.vignobles-jeanjean.com\/"},{"@type":"ListItem","position":2,"name":"MAS NEUF"}]},{"@type":"WebSite","@id":"https:\/\/www.vignobles-jeanjean.com\/#website","url":"https:\/\/www.vignobles-jeanjean.com\/","name":"Vignobles Jeanjean","description":"","publisher":{"@id":"https:\/\/www.vignobles-jeanjean.com\/#organization"},"potentialAction":[{"@type":"SearchAction","target":{"@type":"EntryPoint","urlTemplate":"https:\/\/www.vignobles-jeanjean.com\/?s={search_term_string}"},"query-input":"required name=search_term_string"}],"inLanguage":"fr-FR"},{"@type":"Organization","@id":"https:\/\/www.vignobles-jeanjean.com\/#organization","name":"Vignobles Jeanjean","url":"https:\/\/www.vignobles-jeanjean.com\/","logo":{"@type":"ImageObject","inLanguage":"fr-FR","@id":"https:\/\/www.vignobles-jeanjean.com\/#\/schema\/logo\/image\/","url":"https:\/\/www.vignobles-jeanjean.com\/wp-content\/uploads\/2021\/07\/VJJ.png","contentUrl":"https:\/\/www.vignobles-jeanjean.com\/wp-content\/uploads\/2021\/07\/VJJ.png","width":683,"height":255,"caption":"Vignobles Jeanjean"},"image":{"@id":"https:\/\/www.vignobles-jeanjean.com\/#\/schema\/logo\/image\/"}}]}},"_links":{"self":[{"href":"https:\/\/www.vignobles-jeanjean.com\/index.php?rest_route=\/wp\/v2\/pages\/629","targetHints":{"allow":["GET"]}}],"collection":[{"href":"https:\/\/www.vignobles-jeanjean.com\/index.php?rest_route=\/wp\/v2\/pages"}],"about":[{"href":"https:\/\/www.vignobles-jeanjean.com\/index.php?rest_route=\/wp\/v2\/types\/page"}],"author":[{"embeddable":true,"href":"https:\/\/www.vignobles-jeanjean.com\/index.php?rest_route=\/wp\/v2\/users\/1"}],"replies":[{"embeddable":true,"href":"https:\/\/www.vignobles-jeanjean.com\/index.php?rest_route=%2Fwp%2Fv2%2Fcomments&post=629"}],"version-history":[{"count":86,"href":"https:\/\/www.vignobles-jeanjean.com\/index.php?rest_route=\/wp\/v2\/pages\/629\/revisions"}],"predecessor-version":[{"id":4634,"href":"https:\/\/www.vignobles-jeanjean.com\/index.php?rest_route=\/wp\/v2\/pages\/629\/revisions\/4634"}],"wp:attachment":[{"href":"https:\/\/www.vignobles-jeanjean.com\/index.php?rest_route=%2Fwp%2Fv2%2Fmedia&parent=629"}],"curies":[{"name":"wp","href":"https:\/\/api.w.org\/{rel}","templated":true}]}}