{"id":125,"date":"2021-05-13T09:56:50","date_gmt":"2021-05-13T09:56:50","guid":{"rendered":"http:\/\/advini-jeanjean-wp.projets-preprod.com\/?page_id=125"},"modified":"2025-04-08T12:41:22","modified_gmt":"2025-04-08T12:41:22","slug":"decouvrez-notre-histoire","status":"publish","type":"page","link":"https:\/\/www.vignobles-jeanjean.com\/?page_id=125","title":{"rendered":"Notre histoire"},"content":{"rendered":"\t\t<div data-elementor-type=\"wp-page\" data-elementor-id=\"125\" class=\"elementor elementor-125\" data-elementor-settings=\"[]\">\n\t\t\t\t\t\t\t<div class=\"elementor-section-wrap\">\n\t\t\t\t\t\t\t<section class=\"elementor-section elementor-top-section elementor-element elementor-element-4cd45c2a elementor-section-boxed elementor-section-height-default elementor-section-height-default\" data-id=\"4cd45c2a\" data-element_type=\"section\" id=\"page-banner\" data-settings=\"{&quot;background_background&quot;:&quot;classic&quot;}\">\n\t\t\t\t\t\t<div class=\"elementor-container elementor-column-gap-default\">\n\t\t\t\t\t<div class=\"elementor-column elementor-col-100 elementor-top-column elementor-element elementor-element-523d0340\" data-id=\"523d0340\" data-element_type=\"column\">\n\t\t\t<div class=\"elementor-widget-wrap elementor-element-populated\">\n\t\t\t\t\t\t\t\t<div class=\"elementor-element elementor-element-51c62333 elementor-widget elementor-widget-heading\" data-id=\"51c62333\" data-element_type=\"widget\" data-widget_type=\"heading.default\">\n\t\t\t\t<div class=\"elementor-widget-container\">\n\t\t\t<h2 class=\"elementor-heading-title elementor-size-default\">NOTRE HISTOIRE<\/h2>\t\t<\/div>\n\t\t\t\t<\/div>\n\t\t\t\t\t<\/div>\n\t\t<\/div>\n\t\t\t\t\t\t\t<\/div>\n\t\t<\/section>\n\t\t\t\t<section class=\"elementor-section elementor-top-section elementor-element elementor-element-043cd7f elementor-section-boxed elementor-section-height-default elementor-section-height-default\" data-id=\"043cd7f\" data-element_type=\"section\" id=\"History Author\">\n\t\t\t\t\t\t<div class=\"elementor-container elementor-column-gap-default\">\n\t\t\t\t\t<div class=\"elementor-column elementor-col-100 elementor-top-column elementor-element elementor-element-24ad07c\" data-id=\"24ad07c\" data-element_type=\"column\">\n\t\t\t<div class=\"elementor-widget-wrap elementor-element-populated\">\n\t\t\t\t\t\t\t\t<div class=\"elementor-element elementor-element-ef106e2 elementor-widget elementor-widget-heading\" data-id=\"ef106e2\" data-element_type=\"widget\" data-widget_type=\"heading.default\">\n\t\t\t\t<div class=\"elementor-widget-container\">\n\t\t\t<h2 class=\"elementor-heading-title elementor-size-default\">UNE HISTOIRE DE FAMILLE<\/h2>\t\t<\/div>\n\t\t\t\t<\/div>\n\t\t\t\t\t<\/div>\n\t\t<\/div>\n\t\t\t\t\t\t\t<\/div>\n\t\t<\/section>\n\t\t\t\t<section class=\"elementor-section elementor-top-section elementor-element elementor-element-91566db elementor-section-boxed elementor-section-height-default elementor-section-height-default\" data-id=\"91566db\" data-element_type=\"section\" id=\"timeline\">\n\t\t\t\t\t\t<div class=\"elementor-container elementor-column-gap-default\">\n\t\t\t\t\t<div class=\"elementor-column elementor-col-100 elementor-top-column elementor-element elementor-element-212c5d3\" data-id=\"212c5d3\" data-element_type=\"column\">\n\t\t\t<div class=\"elementor-widget-wrap elementor-element-populated\">\n\t\t\t\t\t\t\t\t<section class=\"elementor-section elementor-inner-section elementor-element elementor-element-79cc86c elementor-section-boxed elementor-section-height-default elementor-section-height-default\" data-id=\"79cc86c\" data-element_type=\"section\" id=\"single-timeline\">\n\t\t\t\t\t\t<div class=\"elementor-container elementor-column-gap-default\">\n\t\t\t\t\t<div class=\"elementor-column elementor-col-33 elementor-inner-column elementor-element elementor-element-715526f\" data-id=\"715526f\" data-element_type=\"column\">\n\t\t\t<div class=\"elementor-widget-wrap elementor-element-populated\">\n\t\t\t\t\t\t\t\t<div class=\"elementor-element elementor-element-f543f24 elementor-widget elementor-widget-heading\" data-id=\"f543f24\" data-element_type=\"widget\" data-widget_type=\"heading.default\">\n\t\t\t\t<div class=\"elementor-widget-container\">\n\t\t\t<h6 class=\"elementor-heading-title elementor-size-default\">Sixi\u00e8me g\u00e9n\u00e9ration<\/h6>\t\t<\/div>\n\t\t\t\t<\/div>\n\t\t\t\t<div class=\"elementor-element elementor-element-48d591b elementor-widget elementor-widget-text-editor\" data-id=\"48d591b\" data-element_type=\"widget\" data-widget_type=\"text-editor.default\">\n\t\t\t\t<div class=\"elementor-widget-container\">\n\t\t\t\t\t\t\t\t<p>Brigitte, Fr\u00e9d\u00e9ric et Philippe Jeanjean<\/p>\t\t\t\t\t\t<\/div>\n\t\t\t\t<\/div>\n\t\t\t\t\t<\/div>\n\t\t<\/div>\n\t\t\t\t<div class=\"elementor-column elementor-col-33 elementor-inner-column elementor-element elementor-element-7024c02\" data-id=\"7024c02\" data-element_type=\"column\">\n\t\t\t<div class=\"elementor-widget-wrap elementor-element-populated\">\n\t\t\t\t\t\t\t\t<div class=\"elementor-element elementor-element-745b3cc elementor-widget elementor-widget-image\" data-id=\"745b3cc\" data-element_type=\"widget\" data-widget_type=\"image.default\">\n\t\t\t\t<div class=\"elementor-widget-container\">\n\t\t\t\t\t\t\t\t\t\t\t\t\t\t\t<img loading=\"lazy\" decoding=\"async\" width=\"178\" height=\"178\" src=\"https:\/\/www.vignobles-jeanjean.com\/wp-content\/uploads\/2021\/05\/equipe.png\" class=\"attachment-large size-large\" alt=\"\" \/>\t\t\t\t\t\t\t\t\t\t\t\t\t\t\t<\/div>\n\t\t\t\t<\/div>\n\t\t\t\t\t<\/div>\n\t\t<\/div>\n\t\t\t\t<div class=\"elementor-column elementor-col-33 elementor-inner-column elementor-element elementor-element-5976f93\" data-id=\"5976f93\" data-element_type=\"column\">\n\t\t\t<div class=\"elementor-widget-wrap elementor-element-populated\">\n\t\t\t\t\t\t\t\t<div class=\"elementor-element elementor-element-95b5c41 elementor-widget elementor-widget-text-editor\" data-id=\"95b5c41\" data-element_type=\"widget\" data-widget_type=\"text-editor.default\">\n\t\t\t\t<div class=\"elementor-widget-container\">\n\t\t\t\t\t\t\t\t<p>Brigitte et sa s\u0153ur Elisabeth, ses cousins Fr\u00e9d\u00e9ric et Philippe, repr\u00e9sentent aujourd\u2019hui la 6<sup>\u00e8me<\/sup> g\u00e9n\u00e9ration. Tous occup\u00e9s \u00e0 divers postes au sein de l\u2019entreprise familiale, ils font r\u00e9sonner le nom de leur famille en r\u00e9gion, en France et \u00e0 l\u2019export tous en pr\u00e9servant l\u2019immense h\u00e9ritage affectif et \u00e9conomique transmis par leurs parents.<\/p>\t\t\t\t\t\t<\/div>\n\t\t\t\t<\/div>\n\t\t\t\t\t<\/div>\n\t\t<\/div>\n\t\t\t\t\t\t\t<\/div>\n\t\t<\/section>\n\t\t\t\t<section class=\"elementor-section elementor-inner-section elementor-element elementor-element-7c1b0cf elementor-section-boxed elementor-section-height-default elementor-section-height-default\" data-id=\"7c1b0cf\" data-element_type=\"section\" id=\"single-timeline\">\n\t\t\t\t\t\t<div class=\"elementor-container elementor-column-gap-default\">\n\t\t\t\t\t<div class=\"elementor-column elementor-col-33 elementor-inner-column elementor-element elementor-element-46a12c3\" data-id=\"46a12c3\" data-element_type=\"column\">\n\t\t\t<div class=\"elementor-widget-wrap elementor-element-populated\">\n\t\t\t\t\t\t\t\t<div class=\"elementor-element elementor-element-42c7077 elementor-widget elementor-widget-heading\" data-id=\"42c7077\" data-element_type=\"widget\" data-widget_type=\"heading.default\">\n\t\t\t\t<div class=\"elementor-widget-container\">\n\t\t\t<h6 class=\"elementor-heading-title elementor-size-default\">Cinqui\u00e8me g\u00e9n\u00e9ration<\/h6>\t\t<\/div>\n\t\t\t\t<\/div>\n\t\t\t\t<div class=\"elementor-element elementor-element-58f6e9c elementor-widget elementor-widget-text-editor\" data-id=\"58f6e9c\" data-element_type=\"widget\" data-widget_type=\"text-editor.default\">\n\t\t\t\t<div class=\"elementor-widget-container\">\n\t\t\t\t\t\t\t\t<p>Hugues et Bernard Jeanjean<\/p>\t\t\t\t\t\t<\/div>\n\t\t\t\t<\/div>\n\t\t\t\t\t<\/div>\n\t\t<\/div>\n\t\t\t\t<div class=\"elementor-column elementor-col-33 elementor-inner-column elementor-element elementor-element-f3a823a\" data-id=\"f3a823a\" data-element_type=\"column\">\n\t\t\t<div class=\"elementor-widget-wrap elementor-element-populated\">\n\t\t\t\t\t\t\t\t<div class=\"elementor-element elementor-element-6f63f2a elementor-widget elementor-widget-image\" data-id=\"6f63f2a\" data-element_type=\"widget\" data-widget_type=\"image.default\">\n\t\t\t\t<div class=\"elementor-widget-container\">\n\t\t\t\t\t\t\t\t\t\t\t\t\t\t\t<img loading=\"lazy\" decoding=\"async\" width=\"179\" height=\"179\" src=\"https:\/\/www.vignobles-jeanjean.com\/wp-content\/uploads\/2021\/05\/Image_4.png\" class=\"attachment-large size-large\" alt=\"\" \/>\t\t\t\t\t\t\t\t\t\t\t\t\t\t\t<\/div>\n\t\t\t\t<\/div>\n\t\t\t\t\t<\/div>\n\t\t<\/div>\n\t\t\t\t<div class=\"elementor-column elementor-col-33 elementor-inner-column elementor-element elementor-element-4437b41\" data-id=\"4437b41\" data-element_type=\"column\">\n\t\t\t<div class=\"elementor-widget-wrap elementor-element-populated\">\n\t\t\t\t\t\t\t\t<div class=\"elementor-element elementor-element-2d4c1d4 elementor-widget elementor-widget-heading\" data-id=\"2d4c1d4\" data-element_type=\"widget\" data-widget_type=\"heading.default\">\n\t\t\t\t<div class=\"elementor-widget-container\">\n\t\t\t<h6 class=\"elementor-heading-title elementor-size-default\">1965 \u2013 2010<\/h6>\t\t<\/div>\n\t\t\t\t<\/div>\n\t\t\t\t<div class=\"elementor-element elementor-element-f859493 elementor-widget elementor-widget-text-editor\" data-id=\"f859493\" data-element_type=\"widget\" data-widget_type=\"text-editor.default\">\n\t\t\t\t<div class=\"elementor-widget-container\">\n\t\t\t\t\t\t\t\t<p>Les fr\u00e8res Hughes et Bernard Jeanjean ont marqu\u00e9 cette p\u00e9riode en d\u00e9veloppant l\u2019entreprise familiale depuis son fief de St F\u00e9lix de Lodez, avec un charisme sans pr\u00e9c\u00e9dent, impliquant chaque salari\u00e9 \u00e0 la croissance de la soci\u00e9t\u00e9 en France comme \u00e0 l\u2019\u00e9tranger, et s\u2019associant avec un grand nombre d\u2019acteurs de la viticulture languedocienne.<\/p>\t\t\t\t\t\t<\/div>\n\t\t\t\t<\/div>\n\t\t\t\t\t<\/div>\n\t\t<\/div>\n\t\t\t\t\t\t\t<\/div>\n\t\t<\/section>\n\t\t\t\t<section class=\"elementor-section elementor-inner-section elementor-element elementor-element-1c60fc5 elementor-section-boxed elementor-section-height-default elementor-section-height-default\" data-id=\"1c60fc5\" data-element_type=\"section\" id=\"single-timeline\">\n\t\t\t\t\t\t<div class=\"elementor-container elementor-column-gap-default\">\n\t\t\t\t\t<div class=\"elementor-column elementor-col-33 elementor-inner-column elementor-element elementor-element-64fdd5f\" data-id=\"64fdd5f\" data-element_type=\"column\">\n\t\t\t<div class=\"elementor-widget-wrap elementor-element-populated\">\n\t\t\t\t\t\t\t\t<div class=\"elementor-element elementor-element-e0dcd4d elementor-widget elementor-widget-heading\" data-id=\"e0dcd4d\" data-element_type=\"widget\" data-widget_type=\"heading.default\">\n\t\t\t\t<div class=\"elementor-widget-container\">\n\t\t\t<h6 class=\"elementor-heading-title elementor-size-default\">Quatri\u00e8me g\u00e9n\u00e9ration<\/h6>\t\t<\/div>\n\t\t\t\t<\/div>\n\t\t\t\t<div class=\"elementor-element elementor-element-819ca8f elementor-widget elementor-widget-text-editor\" data-id=\"819ca8f\" data-element_type=\"widget\" data-widget_type=\"text-editor.default\">\n\t\t\t\t<div class=\"elementor-widget-container\">\n\t\t\t\t\t\t\t\t<p>Paul Jeanjean<\/p>\t\t\t\t\t\t<\/div>\n\t\t\t\t<\/div>\n\t\t\t\t\t<\/div>\n\t\t<\/div>\n\t\t\t\t<div class=\"elementor-column elementor-col-33 elementor-inner-column elementor-element elementor-element-3417d8b\" data-id=\"3417d8b\" data-element_type=\"column\">\n\t\t\t<div class=\"elementor-widget-wrap elementor-element-populated\">\n\t\t\t\t\t\t\t\t<div class=\"elementor-element elementor-element-1bb61de elementor-widget elementor-widget-image\" data-id=\"1bb61de\" data-element_type=\"widget\" data-widget_type=\"image.default\">\n\t\t\t\t<div class=\"elementor-widget-container\">\n\t\t\t\t\t\t\t\t\t\t\t\t\t\t\t<img loading=\"lazy\" decoding=\"async\" width=\"180\" height=\"180\" src=\"https:\/\/www.vignobles-jeanjean.com\/wp-content\/uploads\/2021\/05\/Image_3.png\" class=\"attachment-large size-large\" alt=\"\" \/>\t\t\t\t\t\t\t\t\t\t\t\t\t\t\t<\/div>\n\t\t\t\t<\/div>\n\t\t\t\t\t<\/div>\n\t\t<\/div>\n\t\t\t\t<div class=\"elementor-column elementor-col-33 elementor-inner-column elementor-element elementor-element-e2d18a1\" data-id=\"e2d18a1\" data-element_type=\"column\">\n\t\t\t<div class=\"elementor-widget-wrap elementor-element-populated\">\n\t\t\t\t\t\t\t\t<div class=\"elementor-element elementor-element-d19a86e elementor-widget elementor-widget-heading\" data-id=\"d19a86e\" data-element_type=\"widget\" data-widget_type=\"heading.default\">\n\t\t\t\t<div class=\"elementor-widget-container\">\n\t\t\t<h6 class=\"elementor-heading-title elementor-size-default\">1904-1965<\/h6>\t\t<\/div>\n\t\t\t\t<\/div>\n\t\t\t\t<div class=\"elementor-element elementor-element-457db42 elementor-widget elementor-widget-text-editor\" data-id=\"457db42\" data-element_type=\"widget\" data-widget_type=\"text-editor.default\">\n\t\t\t\t<div class=\"elementor-widget-container\">\n\t\t\t\t\t\t\t\t<p>Paul Jeanjean fait son entr\u00e9e dans la soci\u00e9t\u00e9 en 1925, en aidant son p\u00e8re au d\u00e9veloppement commercial de la soci\u00e9t\u00e9, surtout dans la r\u00e9gion de Paris. En 1936, c\u2019est le d\u00e9but de la collection des Vignobles Jeanjean, avec l\u2019achat de 2 bergeries sur le plateau d\u2019Aumelas, le Mas de Lun\u00e8s et le Ch\u00e2teau Valoussi\u00e8re (Devois des Agneaux), transform\u00e9es petit \u00e0 petit en chai et en vignoble.<\/p>\t\t\t\t\t\t<\/div>\n\t\t\t\t<\/div>\n\t\t\t\t\t<\/div>\n\t\t<\/div>\n\t\t\t\t\t\t\t<\/div>\n\t\t<\/section>\n\t\t\t\t<section class=\"elementor-section elementor-inner-section elementor-element elementor-element-9076675 elementor-section-boxed elementor-section-height-default elementor-section-height-default\" data-id=\"9076675\" data-element_type=\"section\" id=\"single-timeline\">\n\t\t\t\t\t\t<div class=\"elementor-container elementor-column-gap-default\">\n\t\t\t\t\t<div class=\"elementor-column elementor-col-33 elementor-inner-column elementor-element elementor-element-e22cfcd\" data-id=\"e22cfcd\" data-element_type=\"column\">\n\t\t\t<div class=\"elementor-widget-wrap elementor-element-populated\">\n\t\t\t\t\t\t\t\t<div class=\"elementor-element elementor-element-6c59152 elementor-widget elementor-widget-heading\" data-id=\"6c59152\" data-element_type=\"widget\" data-widget_type=\"heading.default\">\n\t\t\t\t<div class=\"elementor-widget-container\">\n\t\t\t<h6 class=\"elementor-heading-title elementor-size-default\">Troisi\u00e8me g\u00e9n\u00e9ration<\/h6>\t\t<\/div>\n\t\t\t\t<\/div>\n\t\t\t\t<div class=\"elementor-element elementor-element-d3d4137 elementor-widget elementor-widget-text-editor\" data-id=\"d3d4137\" data-element_type=\"widget\" data-widget_type=\"text-editor.default\">\n\t\t\t\t<div class=\"elementor-widget-container\">\n\t\t\t\t\t\t\t\t<p>Maurice-Fran\u00e7ois Jeanjean<\/p>\t\t\t\t\t\t<\/div>\n\t\t\t\t<\/div>\n\t\t\t\t\t<\/div>\n\t\t<\/div>\n\t\t\t\t<div class=\"elementor-column elementor-col-33 elementor-inner-column elementor-element elementor-element-8c98818\" data-id=\"8c98818\" data-element_type=\"column\">\n\t\t\t<div class=\"elementor-widget-wrap elementor-element-populated\">\n\t\t\t\t\t\t\t\t<div class=\"elementor-element elementor-element-7e459ab elementor-widget elementor-widget-image\" data-id=\"7e459ab\" data-element_type=\"widget\" data-widget_type=\"image.default\">\n\t\t\t\t<div class=\"elementor-widget-container\">\n\t\t\t\t\t\t\t\t\t\t\t\t\t\t\t<img loading=\"lazy\" decoding=\"async\" width=\"173\" height=\"178\" src=\"https:\/\/www.vignobles-jeanjean.com\/wp-content\/uploads\/2021\/05\/Image_2.png\" class=\"attachment-large size-large\" alt=\"\" \/>\t\t\t\t\t\t\t\t\t\t\t\t\t\t\t<\/div>\n\t\t\t\t<\/div>\n\t\t\t\t\t<\/div>\n\t\t<\/div>\n\t\t\t\t<div class=\"elementor-column elementor-col-33 elementor-inner-column elementor-element elementor-element-2937dec\" data-id=\"2937dec\" data-element_type=\"column\">\n\t\t\t<div class=\"elementor-widget-wrap elementor-element-populated\">\n\t\t\t\t\t\t\t\t<div class=\"elementor-element elementor-element-fdea971 elementor-widget elementor-widget-heading\" data-id=\"fdea971\" data-element_type=\"widget\" data-widget_type=\"heading.default\">\n\t\t\t\t<div class=\"elementor-widget-container\">\n\t\t\t<h6 class=\"elementor-heading-title elementor-size-default\">1879-1957<\/h6>\t\t<\/div>\n\t\t\t\t<\/div>\n\t\t\t\t<div class=\"elementor-element elementor-element-79f1b49 elementor-widget elementor-widget-text-editor\" data-id=\"79f1b49\" data-element_type=\"widget\" data-widget_type=\"text-editor.default\">\n\t\t\t\t<div class=\"elementor-widget-container\">\n\t\t\t\t\t\t\t\t<p>Maurice-Fran\u00e7ois Jeanjean aura d\u00e9velopp\u00e9 l\u2019entreprise au rythme du d\u00e9veloppement des moyens de communication en France, et notamment, de l\u2019essor des voies ferr\u00e9es. Cela ouvre de nouveaux march\u00e9s pour ses vins. C\u2019est une p\u00e9riode compliqu\u00e9e, marqu\u00e9e par les guerres, les grandes r\u00e9voltes de 1907, la crise de surproduction, le phylloxera. Maurice-Fran\u00e7ois donne \u00e0 l\u2019entreprise les moyens de surmonter ces \u00e9preuves, et fait de la qualit\u00e9 de ses produits sa principale devise.<\/p>\t\t\t\t\t\t<\/div>\n\t\t\t\t<\/div>\n\t\t\t\t\t<\/div>\n\t\t<\/div>\n\t\t\t\t\t\t\t<\/div>\n\t\t<\/section>\n\t\t\t\t<section class=\"elementor-section elementor-inner-section elementor-element elementor-element-40f5280 elementor-section-boxed elementor-section-height-default elementor-section-height-default\" data-id=\"40f5280\" data-element_type=\"section\" id=\"single-timeline\">\n\t\t\t\t\t\t<div class=\"elementor-container elementor-column-gap-default\">\n\t\t\t\t\t<div class=\"elementor-column elementor-col-33 elementor-inner-column elementor-element elementor-element-bb352f1\" data-id=\"bb352f1\" data-element_type=\"column\">\n\t\t\t<div class=\"elementor-widget-wrap elementor-element-populated\">\n\t\t\t\t\t\t\t\t<div class=\"elementor-element elementor-element-7f8da4b elementor-widget elementor-widget-heading\" data-id=\"7f8da4b\" data-element_type=\"widget\" data-widget_type=\"heading.default\">\n\t\t\t\t<div class=\"elementor-widget-container\">\n\t\t\t<h6 class=\"elementor-heading-title elementor-size-default\">Deuxi\u00e8me g\u00e9n\u00e9ration<\/h6>\t\t<\/div>\n\t\t\t\t<\/div>\n\t\t\t\t<div class=\"elementor-element elementor-element-3c2856a elementor-widget elementor-widget-text-editor\" data-id=\"3c2856a\" data-element_type=\"widget\" data-widget_type=\"text-editor.default\">\n\t\t\t\t<div class=\"elementor-widget-container\">\n\t\t\t\t\t\t\t\t<p>Maurice-Vincent Jeanjean<\/p>\t\t\t\t\t\t<\/div>\n\t\t\t\t<\/div>\n\t\t\t\t\t<\/div>\n\t\t<\/div>\n\t\t\t\t<div class=\"elementor-column elementor-col-33 elementor-inner-column elementor-element elementor-element-e9d8d58\" data-id=\"e9d8d58\" data-element_type=\"column\">\n\t\t\t<div class=\"elementor-widget-wrap elementor-element-populated\">\n\t\t\t\t\t\t\t\t<div class=\"elementor-element elementor-element-83c9ca6 elementor-widget elementor-widget-image\" data-id=\"83c9ca6\" data-element_type=\"widget\" data-widget_type=\"image.default\">\n\t\t\t\t<div class=\"elementor-widget-container\">\n\t\t\t\t\t\t\t\t\t\t\t\t\t\t\t<img loading=\"lazy\" decoding=\"async\" width=\"176\" height=\"186\" src=\"https:\/\/www.vignobles-jeanjean.com\/wp-content\/uploads\/2021\/05\/Image_1.png\" class=\"attachment-large size-large\" alt=\"\" \/>\t\t\t\t\t\t\t\t\t\t\t\t\t\t\t<\/div>\n\t\t\t\t<\/div>\n\t\t\t\t\t<\/div>\n\t\t<\/div>\n\t\t\t\t<div class=\"elementor-column elementor-col-33 elementor-inner-column elementor-element elementor-element-daac752\" data-id=\"daac752\" data-element_type=\"column\">\n\t\t\t<div class=\"elementor-widget-wrap elementor-element-populated\">\n\t\t\t\t\t\t\t\t<div class=\"elementor-element elementor-element-8cc2b73 elementor-widget elementor-widget-heading\" data-id=\"8cc2b73\" data-element_type=\"widget\" data-widget_type=\"heading.default\">\n\t\t\t\t<div class=\"elementor-widget-container\">\n\t\t\t<h6 class=\"elementor-heading-title elementor-size-default\">1847-1912<\/h6>\t\t<\/div>\n\t\t\t\t<\/div>\n\t\t\t\t<div class=\"elementor-element elementor-element-26f677b elementor-widget elementor-widget-text-editor\" data-id=\"26f677b\" data-element_type=\"widget\" data-widget_type=\"text-editor.default\">\n\t\t\t\t<div class=\"elementor-widget-container\">\n\t\t\t\t\t\t\t\t<p>Maurice-Vincent Jeanjean, surnomm\u00e9 le barriquailleur, fait du commerce entre l\u2019H\u00e9rault et le\u00a0 Massif Central sa sp\u00e9cialit\u00e9. Il est \u00ab\u00a0multi-activit\u00e9\u00a0\u00bb, dirigeant une auberge \u00e0 St Felix de Lodez, o\u00f9 grand nombre de ses clients venant du massif central s\u2019arr\u00eatent, et faisant du commerce de vins, depuis ses vignes plant\u00e9es sur St Felix et alentours, o\u00f9 par des achats \u00e0 des vignerons voisins. C\u2019est lui qui a officiellement d\u00e9pos\u00e9 les premiers statuts de l\u2019entreprise en 1872.<\/p>\t\t\t\t\t\t<\/div>\n\t\t\t\t<\/div>\n\t\t\t\t\t<\/div>\n\t\t<\/div>\n\t\t\t\t\t\t\t<\/div>\n\t\t<\/section>\n\t\t\t\t<section class=\"elementor-section elementor-inner-section elementor-element elementor-element-bff2201 elementor-section-boxed elementor-section-height-default elementor-section-height-default\" data-id=\"bff2201\" data-element_type=\"section\" id=\"single-timeline\">\n\t\t\t\t\t\t<div class=\"elementor-container elementor-column-gap-default\">\n\t\t\t\t\t<div class=\"elementor-column elementor-col-33 elementor-inner-column elementor-element elementor-element-333c985\" data-id=\"333c985\" data-element_type=\"column\">\n\t\t\t<div class=\"elementor-widget-wrap elementor-element-populated\">\n\t\t\t\t\t\t\t\t<div class=\"elementor-element elementor-element-7f4a12d elementor-widget elementor-widget-heading\" data-id=\"7f4a12d\" data-element_type=\"widget\" data-widget_type=\"heading.default\">\n\t\t\t\t<div class=\"elementor-widget-container\">\n\t\t\t<h6 class=\"elementor-heading-title elementor-size-default\">Premi\u00e8re g\u00e9n\u00e9ration<\/h6>\t\t<\/div>\n\t\t\t\t<\/div>\n\t\t\t\t<div class=\"elementor-element elementor-element-1f4e308 elementor-widget elementor-widget-text-editor\" data-id=\"1f4e308\" data-element_type=\"widget\" data-widget_type=\"text-editor.default\">\n\t\t\t\t<div class=\"elementor-widget-container\">\n\t\t\t\t\t\t\t\t<p>Etienne-Maurice Jeanjean, &#8220;Le P\u00e8re la Minute&#8221;<\/p>\t\t\t\t\t\t<\/div>\n\t\t\t\t<\/div>\n\t\t\t\t\t<\/div>\n\t\t<\/div>\n\t\t\t\t<div class=\"elementor-column elementor-col-33 elementor-inner-column elementor-element elementor-element-f2a4d01\" data-id=\"f2a4d01\" data-element_type=\"column\">\n\t\t\t<div class=\"elementor-widget-wrap elementor-element-populated\">\n\t\t\t\t\t\t\t\t<div class=\"elementor-element elementor-element-856b127 elementor-widget elementor-widget-image\" data-id=\"856b127\" data-element_type=\"widget\" data-widget_type=\"image.default\">\n\t\t\t\t<div class=\"elementor-widget-container\">\n\t\t\t\t\t\t\t\t\t\t\t\t\t\t\t<img loading=\"lazy\" decoding=\"async\" width=\"800\" height=\"800\" src=\"https:\/\/www.vignobles-jeanjean.com\/wp-content\/uploads\/2021\/09\/Sans-titre-2021-09-13T154615.243-1024x1024.png\" class=\"attachment-large size-large\" alt=\"p\u00e8re la minute logo\" srcset=\"https:\/\/www.vignobles-jeanjean.com\/wp-content\/uploads\/2021\/09\/Sans-titre-2021-09-13T154615.243-1024x1024.png 1024w, https:\/\/www.vignobles-jeanjean.com\/wp-content\/uploads\/2021\/09\/Sans-titre-2021-09-13T154615.243-300x300.png 300w, https:\/\/www.vignobles-jeanjean.com\/wp-content\/uploads\/2021\/09\/Sans-titre-2021-09-13T154615.243-150x150.png 150w, https:\/\/www.vignobles-jeanjean.com\/wp-content\/uploads\/2021\/09\/Sans-titre-2021-09-13T154615.243-768x768.png 768w, https:\/\/www.vignobles-jeanjean.com\/wp-content\/uploads\/2021\/09\/Sans-titre-2021-09-13T154615.243-1536x1536.png 1536w, https:\/\/www.vignobles-jeanjean.com\/wp-content\/uploads\/2021\/09\/Sans-titre-2021-09-13T154615.243-2048x2048.png 2048w\" sizes=\"auto, (max-width: 800px) 100vw, 800px\" \/>\t\t\t\t\t\t\t\t\t\t\t\t\t\t\t<\/div>\n\t\t\t\t<\/div>\n\t\t\t\t\t<\/div>\n\t\t<\/div>\n\t\t\t\t<div class=\"elementor-column elementor-col-33 elementor-inner-column elementor-element elementor-element-9b2c8e9\" data-id=\"9b2c8e9\" data-element_type=\"column\">\n\t\t\t<div class=\"elementor-widget-wrap elementor-element-populated\">\n\t\t\t\t\t\t\t\t<div class=\"elementor-element elementor-element-de0b8be elementor-widget elementor-widget-heading\" data-id=\"de0b8be\" data-element_type=\"widget\" data-widget_type=\"heading.default\">\n\t\t\t\t<div class=\"elementor-widget-container\">\n\t\t\t<h6 class=\"elementor-heading-title elementor-size-default\">1820 \u2013 1885<\/h6>\t\t<\/div>\n\t\t\t\t<\/div>\n\t\t\t\t<div class=\"elementor-element elementor-element-746fc08 elementor-widget elementor-widget-text-editor\" data-id=\"746fc08\" data-element_type=\"widget\" data-widget_type=\"text-editor.default\">\n\t\t\t\t<div class=\"elementor-widget-container\">\n\t\t\t\t\t\t\t\t<p>Etienne-Maurice Jeanjean a associ\u00e9 le nom de famille Jeanjean au commerce depuis St Felix de Lodez. Agriculteur, il poss\u00e9dait des vignes et des champs, commer\u00e7ant, il \u00e9changeait du vin, de l\u2019huile d\u2019olive, des amandes. C\u2019\u00e9tait un homme press\u00e9, qui avait le sens aigu du commerce, et que l\u2019on a surnomm\u00e9 le p\u00e8re la minute.<\/p>\t\t\t\t\t\t<\/div>\n\t\t\t\t<\/div>\n\t\t\t\t\t<\/div>\n\t\t<\/div>\n\t\t\t\t\t\t\t<\/div>\n\t\t<\/section>\n\t\t\t\t\t<\/div>\n\t\t<\/div>\n\t\t\t\t\t\t\t<\/div>\n\t\t<\/section>\n\t\t\t\t\t\t<\/div>\n\t\t\t\t\t<\/div>\n\t\t","protected":false},"excerpt":{"rendered":"<p>NOTRE HISTOIRE UNE HISTOIRE DE FAMILLE Sixi\u00e8me g\u00e9n\u00e9ration Brigitte, Fr\u00e9d\u00e9ric et Philippe Jeanjean Brigitte et sa s\u0153ur Elisabeth, ses cousins Fr\u00e9d\u00e9ric et Philippe, repr\u00e9sentent aujourd\u2019hui la 6\u00e8me g\u00e9n\u00e9ration. Tous occup\u00e9s \u00e0 divers postes au sein de l\u2019entreprise familiale, ils font r\u00e9sonner le nom de leur famille en r\u00e9gion, en France et \u00e0 l\u2019export tous en [&hellip;]<\/p>\n","protected":false},"author":1,"featured_media":0,"parent":0,"menu_order":0,"comment_status":"closed","ping_status":"closed","template":"","meta":{"footnotes":""},"class_list":["post-125","page","type-page","status-publish","hentry"],"yoast_head":"<!-- This site is optimized with the Yoast SEO plugin v20.4 - https:\/\/yoast.com\/wordpress\/plugins\/seo\/ -->\n<title>Notre histoire - Vignobles Jeanjean<\/title>\n<meta name=\"description\" content=\"Brigitte et sa s\u0153ur Elisabeth, ses cousins Fr\u00e9d\u00e9ric et Philippe, repr\u00e9sentent aujourd\u2019hui la 6\u00e8me g\u00e9n\u00e9ration. Tous occup\u00e9s \u00e0 divers postes au sein de l\u2019entreprise familiale, ils font r\u00e9sonner le nom de leur famille en r\u00e9gion, en France et \u00e0 l\u2019export tous en pr\u00e9servant l\u2019immense h\u00e9ritage affectif et \u00e9conomique transmis par leurs parents.\" \/>\n<meta name=\"robots\" content=\"index, follow, max-snippet:-1, max-image-preview:large, max-video-preview:-1\" \/>\n<link rel=\"canonical\" href=\"https:\/\/www.vignobles-jeanjean.com\/?page_id=125\" \/>\n<meta property=\"og:locale\" content=\"fr_FR\" \/>\n<meta property=\"og:type\" content=\"article\" \/>\n<meta property=\"og:title\" content=\"Notre histoire - Vignobles Jeanjean\" \/>\n<meta property=\"og:description\" content=\"Brigitte et sa s\u0153ur Elisabeth, ses cousins Fr\u00e9d\u00e9ric et Philippe, repr\u00e9sentent aujourd\u2019hui la 6\u00e8me g\u00e9n\u00e9ration. Tous occup\u00e9s \u00e0 divers postes au sein de l\u2019entreprise familiale, ils font r\u00e9sonner le nom de leur famille en r\u00e9gion, en France et \u00e0 l\u2019export tous en pr\u00e9servant l\u2019immense h\u00e9ritage affectif et \u00e9conomique transmis par leurs parents.\" \/>\n<meta property=\"og:url\" content=\"https:\/\/www.vignobles-jeanjean.com\/?page_id=125\" \/>\n<meta property=\"og:site_name\" content=\"Vignobles Jeanjean\" \/>\n<meta property=\"article:modified_time\" content=\"2025-04-08T12:41:22+00:00\" \/>\n<meta property=\"og:image\" content=\"http:\/\/www.vignobles-jeanjean.com\/wp-content\/uploads\/2021\/05\/equipe.png\" \/>\n<meta name=\"twitter:card\" content=\"summary_large_image\" \/>\n<meta name=\"twitter:label1\" content=\"Dur\u00e9e de lecture estim\u00e9e\" \/>\n\t<meta name=\"twitter:data1\" content=\"4 minutes\" \/>\n<script type=\"application\/ld+json\" class=\"yoast-schema-graph\">{\"@context\":\"https:\/\/schema.org\",\"@graph\":[{\"@type\":\"WebPage\",\"@id\":\"https:\/\/www.vignobles-jeanjean.com\/?page_id=125\",\"url\":\"https:\/\/www.vignobles-jeanjean.com\/?page_id=125\",\"name\":\"Notre histoire - Vignobles Jeanjean\",\"isPartOf\":{\"@id\":\"https:\/\/www.vignobles-jeanjean.com\/#website\"},\"datePublished\":\"2021-05-13T09:56:50+00:00\",\"dateModified\":\"2025-04-08T12:41:22+00:00\",\"description\":\"Brigitte et sa s\u0153ur Elisabeth, ses cousins Fr\u00e9d\u00e9ric et Philippe, repr\u00e9sentent aujourd\u2019hui la 6\u00e8me g\u00e9n\u00e9ration. Tous occup\u00e9s \u00e0 divers postes au sein de l\u2019entreprise familiale, ils font r\u00e9sonner le nom de leur famille en r\u00e9gion, en France et \u00e0 l\u2019export tous en pr\u00e9servant l\u2019immense h\u00e9ritage affectif et \u00e9conomique transmis par leurs parents.\",\"breadcrumb\":{\"@id\":\"https:\/\/www.vignobles-jeanjean.com\/?page_id=125#breadcrumb\"},\"inLanguage\":\"fr-FR\",\"potentialAction\":[{\"@type\":\"ReadAction\",\"target\":[\"https:\/\/www.vignobles-jeanjean.com\/?page_id=125\"]}]},{\"@type\":\"BreadcrumbList\",\"@id\":\"https:\/\/www.vignobles-jeanjean.com\/?page_id=125#breadcrumb\",\"itemListElement\":[{\"@type\":\"ListItem\",\"position\":1,\"name\":\"Home\",\"item\":\"https:\/\/www.vignobles-jeanjean.com\/\"},{\"@type\":\"ListItem\",\"position\":2,\"name\":\"Notre histoire\"}]},{\"@type\":\"WebSite\",\"@id\":\"https:\/\/www.vignobles-jeanjean.com\/#website\",\"url\":\"https:\/\/www.vignobles-jeanjean.com\/\",\"name\":\"Vignobles Jeanjean\",\"description\":\"\",\"publisher\":{\"@id\":\"https:\/\/www.vignobles-jeanjean.com\/#organization\"},\"potentialAction\":[{\"@type\":\"SearchAction\",\"target\":{\"@type\":\"EntryPoint\",\"urlTemplate\":\"https:\/\/www.vignobles-jeanjean.com\/?s={search_term_string}\"},\"query-input\":\"required name=search_term_string\"}],\"inLanguage\":\"fr-FR\"},{\"@type\":\"Organization\",\"@id\":\"https:\/\/www.vignobles-jeanjean.com\/#organization\",\"name\":\"Vignobles Jeanjean\",\"url\":\"https:\/\/www.vignobles-jeanjean.com\/\",\"logo\":{\"@type\":\"ImageObject\",\"inLanguage\":\"fr-FR\",\"@id\":\"https:\/\/www.vignobles-jeanjean.com\/#\/schema\/logo\/image\/\",\"url\":\"https:\/\/www.vignobles-jeanjean.com\/wp-content\/uploads\/2021\/07\/VJJ.png\",\"contentUrl\":\"https:\/\/www.vignobles-jeanjean.com\/wp-content\/uploads\/2021\/07\/VJJ.png\",\"width\":683,\"height\":255,\"caption\":\"Vignobles Jeanjean\"},\"image\":{\"@id\":\"https:\/\/www.vignobles-jeanjean.com\/#\/schema\/logo\/image\/\"}}]}<\/script>\n<!-- \/ Yoast SEO plugin. -->","yoast_head_json":{"title":"Notre histoire - Vignobles Jeanjean","description":"Brigitte et sa s\u0153ur Elisabeth, ses cousins Fr\u00e9d\u00e9ric et Philippe, repr\u00e9sentent aujourd\u2019hui la 6\u00e8me g\u00e9n\u00e9ration. Tous occup\u00e9s \u00e0 divers postes au sein de l\u2019entreprise familiale, ils font r\u00e9sonner le nom de leur famille en r\u00e9gion, en France et \u00e0 l\u2019export tous en pr\u00e9servant l\u2019immense h\u00e9ritage affectif et \u00e9conomique transmis par leurs parents.","robots":{"index":"index","follow":"follow","max-snippet":"max-snippet:-1","max-image-preview":"max-image-preview:large","max-video-preview":"max-video-preview:-1"},"canonical":"https:\/\/www.vignobles-jeanjean.com\/?page_id=125","og_locale":"fr_FR","og_type":"article","og_title":"Notre histoire - Vignobles Jeanjean","og_description":"Brigitte et sa s\u0153ur Elisabeth, ses cousins Fr\u00e9d\u00e9ric et Philippe, repr\u00e9sentent aujourd\u2019hui la 6\u00e8me g\u00e9n\u00e9ration. Tous occup\u00e9s \u00e0 divers postes au sein de l\u2019entreprise familiale, ils font r\u00e9sonner le nom de leur famille en r\u00e9gion, en France et \u00e0 l\u2019export tous en pr\u00e9servant l\u2019immense h\u00e9ritage affectif et \u00e9conomique transmis par leurs parents.","og_url":"https:\/\/www.vignobles-jeanjean.com\/?page_id=125","og_site_name":"Vignobles Jeanjean","article_modified_time":"2025-04-08T12:41:22+00:00","og_image":[{"url":"http:\/\/www.vignobles-jeanjean.com\/wp-content\/uploads\/2021\/05\/equipe.png"}],"twitter_card":"summary_large_image","twitter_misc":{"Dur\u00e9e de lecture estim\u00e9e":"4 minutes"},"schema":{"@context":"https:\/\/schema.org","@graph":[{"@type":"WebPage","@id":"https:\/\/www.vignobles-jeanjean.com\/?page_id=125","url":"https:\/\/www.vignobles-jeanjean.com\/?page_id=125","name":"Notre histoire - Vignobles Jeanjean","isPartOf":{"@id":"https:\/\/www.vignobles-jeanjean.com\/#website"},"datePublished":"2021-05-13T09:56:50+00:00","dateModified":"2025-04-08T12:41:22+00:00","description":"Brigitte et sa s\u0153ur Elisabeth, ses cousins Fr\u00e9d\u00e9ric et Philippe, repr\u00e9sentent aujourd\u2019hui la 6\u00e8me g\u00e9n\u00e9ration. Tous occup\u00e9s \u00e0 divers postes au sein de l\u2019entreprise familiale, ils font r\u00e9sonner le nom de leur famille en r\u00e9gion, en France et \u00e0 l\u2019export tous en pr\u00e9servant l\u2019immense h\u00e9ritage affectif et \u00e9conomique transmis par leurs parents.","breadcrumb":{"@id":"https:\/\/www.vignobles-jeanjean.com\/?page_id=125#breadcrumb"},"inLanguage":"fr-FR","potentialAction":[{"@type":"ReadAction","target":["https:\/\/www.vignobles-jeanjean.com\/?page_id=125"]}]},{"@type":"BreadcrumbList","@id":"https:\/\/www.vignobles-jeanjean.com\/?page_id=125#breadcrumb","itemListElement":[{"@type":"ListItem","position":1,"name":"Home","item":"https:\/\/www.vignobles-jeanjean.com\/"},{"@type":"ListItem","position":2,"name":"Notre histoire"}]},{"@type":"WebSite","@id":"https:\/\/www.vignobles-jeanjean.com\/#website","url":"https:\/\/www.vignobles-jeanjean.com\/","name":"Vignobles Jeanjean","description":"","publisher":{"@id":"https:\/\/www.vignobles-jeanjean.com\/#organization"},"potentialAction":[{"@type":"SearchAction","target":{"@type":"EntryPoint","urlTemplate":"https:\/\/www.vignobles-jeanjean.com\/?s={search_term_string}"},"query-input":"required name=search_term_string"}],"inLanguage":"fr-FR"},{"@type":"Organization","@id":"https:\/\/www.vignobles-jeanjean.com\/#organization","name":"Vignobles Jeanjean","url":"https:\/\/www.vignobles-jeanjean.com\/","logo":{"@type":"ImageObject","inLanguage":"fr-FR","@id":"https:\/\/www.vignobles-jeanjean.com\/#\/schema\/logo\/image\/","url":"https:\/\/www.vignobles-jeanjean.com\/wp-content\/uploads\/2021\/07\/VJJ.png","contentUrl":"https:\/\/www.vignobles-jeanjean.com\/wp-content\/uploads\/2021\/07\/VJJ.png","width":683,"height":255,"caption":"Vignobles Jeanjean"},"image":{"@id":"https:\/\/www.vignobles-jeanjean.com\/#\/schema\/logo\/image\/"}}]}},"_links":{"self":[{"href":"https:\/\/www.vignobles-jeanjean.com\/index.php?rest_route=\/wp\/v2\/pages\/125","targetHints":{"allow":["GET"]}}],"collection":[{"href":"https:\/\/www.vignobles-jeanjean.com\/index.php?rest_route=\/wp\/v2\/pages"}],"about":[{"href":"https:\/\/www.vignobles-jeanjean.com\/index.php?rest_route=\/wp\/v2\/types\/page"}],"author":[{"embeddable":true,"href":"https:\/\/www.vignobles-jeanjean.com\/index.php?rest_route=\/wp\/v2\/users\/1"}],"replies":[{"embeddable":true,"href":"https:\/\/www.vignobles-jeanjean.com\/index.php?rest_route=%2Fwp%2Fv2%2Fcomments&post=125"}],"version-history":[{"count":47,"href":"https:\/\/www.vignobles-jeanjean.com\/index.php?rest_route=\/wp\/v2\/pages\/125\/revisions"}],"predecessor-version":[{"id":4151,"href":"https:\/\/www.vignobles-jeanjean.com\/index.php?rest_route=\/wp\/v2\/pages\/125\/revisions\/4151"}],"wp:attachment":[{"href":"https:\/\/www.vignobles-jeanjean.com\/index.php?rest_route=%2Fwp%2Fv2%2Fmedia&parent=125"}],"curies":[{"name":"wp","href":"https:\/\/api.w.org\/{rel}","templated":true}]}}